{"id":16237,"date":"2020-11-30T12:16:15","date_gmt":"2020-11-30T11:16:15","guid":{"rendered":"https:\/\/gelt.com\/br\/?page_id=16237"},"modified":"2022-09-26T23:29:42","modified_gmt":"2022-09-26T21:29:42","slug":"politica-de-privacidade","status":"publish","type":"page","link":"https:\/\/gelt.com\/br\/politica-de-privacidade\/","title":{"rendered":"Legal &#8211; Pol\u00edtica de Privacidade\u00a0"},"content":{"rendered":"<p>[vc_row top=&#8221;260px&#8221; bottom=&#8221;140px&#8221; content_fadeout=&#8221;content-fadeout&#8221; textalign=&#8221;center&#8221; slope_bottom=&#8221;slope-bottom&#8221; slope_bottom_height=&#8221;60px&#8221; row_seperator=&#8221;no-seperator&#8221; font_color=&#8221;#ffffff&#8221; slope_bottom_color=&#8221;#ffffff&#8221; bg_color=&#8221;#ededed&#8221;][vc_column][vc_heading h_size=&#8221;h-extralarge&#8221; title=&#8221;Pol\u00edtica de Privacidade&#8221; title_color=&#8221;#ff344c&#8221; subtitle_color=&#8221;#ffffff&#8221; alignment=&#8221;align-left&#8221;][\/vc_column][\/vc_row][vc_row][vc_column][vc_wp_text]<\/p>\n<p class=\"p1\">Data da atualiza\u00e7\u00e3o 26 de setembro de 2022<\/p>\n<p><strong>INTRODU\u00c7\u00c3O<\/strong><\/p>\n<p>A Gelt leva muito a s\u00e9rio a privacidade dos Usu\u00e1rios, garantindo que qualquer opera\u00e7\u00e3o de Tratamento nas Plataformas Gelt seja sempre realizada de acordo com a presente Pol\u00edtica de Privacidade (\u201cPol\u00edtica\u201d),\u00a0<a href=\"https:\/\/gelt.com\/br\/termos-e-condicoes\">Termos de Uso<\/a>\u00a0e com a Legisla\u00e7\u00e3o Aplic\u00e1vel, bem como a confidencialidade dos Dados Pessoais a que tem acesso. Quando esta Pol\u00edtica menciona \u201cGelt\u201d, \u201cn\u00f3s\u201d, \u201cnos\u201d ou \u201cnosso\u201d, bem como as varia\u00e7\u00f5es gramaticais da primeira pessoa do plural, ela se refere \u00e0 empresa Gelt Brasil Consultoria em Tecnologia da Informa\u00e7\u00e3o Ltda.<\/p>\n<p>Ao acessar e utilizar as funcionalidades da Gelt, o Usu\u00e1rio declara ter lido atentamente as disposi\u00e7\u00f5es desta Pol\u00edtica e dos\u00a0<a href=\"https:\/\/gelt.com\/br\/termos-e-condicoes\">Termos de Uso<\/a>, estando plenamente ciente do conte\u00fado destes documentos. Se voc\u00ea ficar com alguma d\u00favida quanto ao disposto nesta Pol\u00edtica, entre em\u00a0<a href=\"mailto:falecomigo@br.gelt.com\">contato<\/a>\u00a0com a Gelt.<\/p>\n<p>Por favor, leia atentamente os dois documentos antes de utilizar o Site ou o Aplicativo. Voc\u00ea N\u00c3O poder\u00e1 acessar ou usufruir dos servi\u00e7os prestados pela Gelt, nem a Gelt poder\u00e1 coletar seus Dados Pessoais a menos que voc\u00ea forne\u00e7a o seu consentimento para o Tratamento de seus Dados Pessoais, bem como a sua concord\u00e2ncia com esta Pol\u00edtica.<\/p>\n<p>Esta Pol\u00edtica\u00a0descreve\u00a0quais os tipos de Dados Pessoais que podemos receber de voc\u00ea diretamente ou por meio de sua intera\u00e7\u00e3o conosco, como podemos us\u00e1-los, com quem podemos compartilh\u00e1-los, como os protegemos e os mantemos seguros e seus direitos com rela\u00e7\u00e3o aos seus Dados Pessoais.<\/p>\n<p><strong>RESPONS\u00c1VEL<\/strong>\u00a0<strong>PELO TRATAMENTO DE DADOS PESSOAIS<\/strong><\/p>\n<p>O Respons\u00e1vel pelo Tratamento de Dados Pessoais \u00e9 a Gelt Brasil Consultoria em Tecnologia da Informa\u00e7\u00e3o Ltda., inscrita no CNPJ\/MF sob o n\u00ba 36.807.605\/0001-36, com sede na Rua Professor At\u00edlio Innocenti no 165, sala 3-120, Itaim Bibi, CEP: 04538-000, na Cidade e Estado de S\u00e3o Paulo. Seu endere\u00e7o de e-mail \u00e9\u00a0<a href=\"mailto:falecomigo@br.gelt.com\">falecomigo@br.gelt.com<\/a>.<\/p>\n<p>Voc\u00ea tamb\u00e9m pode consultar o Encarregado de Prote\u00e7\u00e3o de Dados (DPO) da Gelt, que \u00e9 respons\u00e1vel por garantir que os seus direitos e liberdades n\u00e3o sejam prejudicados pelas opera\u00e7\u00f5es de Tratamento que a Gelt realiza com os seus dados, atrav\u00e9s do e-mail:<\/p>\n<p><strong>ALGUNS TERMOS UTILIZADOS A LONGO DESTA POL\u00cdTICA<\/strong><\/p>\n<ul>\n<li><strong>Afiliados <\/strong>significa os sites e <em>marketplaces<\/em> afiliados da Gelt, por meio dos quais os Usu\u00e1rios podem obter descontos.<\/li>\n<li><strong>Conta de Usu\u00e1rio<\/strong>\u00a0significa<strong>\u00a0<\/strong>o ambiente exclusivo do Usu\u00e1rio dentro do Aplicativo ou da \u00e1rea espec\u00edfica do Site acessado por meio de uma senha pessoal e intransfer\u00edvel atribu\u00edda ao Usu\u00e1rio pela Gelt ap\u00f3s o preenchimento dos campos sinalizados como obrigat\u00f3rios no Aplicativo.<\/li>\n<li><strong>Controlador\u00a0<\/strong>significa o Respons\u00e1vel pelo Tratamento de Dados Pessoais, a quem competem as decis\u00f5es referentes ao Tratamento.<\/li>\n<li><strong>Dados Anonimizados\u00a0<\/strong>significa qualquer dado relativo a um Titular que n\u00e3o possa ser identificado, considerando a utiliza\u00e7\u00e3o de meios t\u00e9cnicos razo\u00e1veis e dispon\u00edveis na ocasi\u00e3o de seu Tratamento.<\/li>\n<li><strong>Dados Pessoais<\/strong>\u00a0significa qualquer informa\u00e7\u00e3o relacionada a uma pessoa natural identificada ou identific\u00e1vel, direta ou indiretamente, em particular por refer\u00eancia a um n\u00famero de identifica\u00e7\u00e3o ou a um ou mais fatores espec\u00edficos \u00e0 mesma, que seja divulgada, fornecida ou acessada pela Gelt para os fins de presta\u00e7\u00e3o dos Servi\u00e7os e funcionamento das Plataformas Gelt.<\/li>\n<li><strong>Legisla\u00e7\u00e3o Aplic\u00e1vel\u00a0<\/strong>significa, enquanto permanecer em vigor, a Lei Geral de Prote\u00e7\u00e3o de Dados Pessoais (Lei N\u00ba 13.709\/2018 ou \u201cLGPD\u201d), o Marco Civil da Internet (Lei N\u00ba 12.965\/2014 e Decreto N\u00ba\u00a0 8.771\/2016), a Constitui\u00e7\u00e3o Federal, C\u00f3digo Civil Brasileiro, C\u00f3digo Penal, C\u00f3digo de Defesa do Consumidor (Lei N\u00ba 8.078\/1990 e Decreto N\u00ba 7.963\/2013), Lei Complementar N\u00ba 105\/2001, suas altera\u00e7\u00f5es posteriores, e quaisquer outras leis e regulamentos em rela\u00e7\u00e3o ao Tratamento, privacidade, sigilo e prote\u00e7\u00e3o de Dados Pessoais que sejam aplic\u00e1veis e, se aplic\u00e1veis, todas as orienta\u00e7\u00f5es, normas, regras, portarias, regulamentos e c\u00f3digos de pr\u00e1tica e conduta emitidos pela Autoridade Nacional de Prote\u00e7\u00e3o de Dados (\u201cANPD\u201d), Banco Central do Brasil (\u201cBACEN\u201d) ou outra autoridade de supervis\u00e3o pertinente.<\/li>\n<li><strong>Operador\u00a0<\/strong>significa qualquer pessoa natural ou jur\u00eddica, de direito p\u00fablico ou privado, que realiza o Tratamento de Dados Pessoais em nome do Controlador de Dados.<\/li>\n<li><strong>Parceiros\u00a0<\/strong>significam os fabricantes e marcas de grande consumo\u00a0dos produtos em promo\u00e7\u00e3o publicados nas Plataformas Gelt.<\/li>\n<li><strong>Plataformas Gelt\u00a0<\/strong>significam o nosso aplicativo m\u00f3vel para smartphone (\u201cAplicativo\u201d ou \u201cApp\u201d) e nosso website:\u00a0<a href=\"https:\/\/www.gelt.com\/br\">https:\/\/www.gelt.com\/br<\/a>\u00a0(\u201cSite\u201d).<\/li>\n<li><strong>Servi\u00e7os\u00a0<\/strong>significa os servi\u00e7os fornecidos pela Gelt aos Usu\u00e1rios na utiliza\u00e7\u00e3o das Plataformas, conforme definidos nos\u00a0<a href=\"https:\/\/gelt.com\/br\/termos-e-condicoes\">Termos de Uso<\/a>.<\/li>\n<li><strong>Titular<\/strong>\u00a0significa a pessoa natural a quem se referem os Dados Pessoais que s\u00e3o objeto de Tratamento.<\/li>\n<li><strong>Tratamento\u00a0<\/strong>significa qualquer opera\u00e7\u00e3o ou conjunto de opera\u00e7\u00f5es realizadas com Dados Pessoais ou conjuntos de Dados Pessoais, por meios automatizados ou n\u00e3o automatizados, tais como a coleta, acesso, produ\u00e7\u00e3o, recep\u00e7\u00e3o, classifica\u00e7\u00e3o, utiliza\u00e7\u00e3o, reprodu\u00e7\u00e3o, transmiss\u00e3o, distribui\u00e7\u00e3o, processamento, arquivamento, registro, organiza\u00e7\u00e3o, estrutura\u00e7\u00e3o, armazenamento, adapta\u00e7\u00e3o, altera\u00e7\u00e3o, recupera\u00e7\u00e3o, consulta, uso, divulga\u00e7\u00e3o por transmiss\u00e3o, comunica\u00e7\u00e3o, transfer\u00eancia, difus\u00e3o, disponibiliza\u00e7\u00e3o, alinhamento, combina\u00e7\u00e3o, restri\u00e7\u00e3o, elimina\u00e7\u00e3o, avalia\u00e7\u00e3o ou controle da informa\u00e7\u00e3o, modifica\u00e7\u00e3o, apagamento, destrui\u00e7\u00e3o ou extra\u00e7\u00e3o. Tratamento e Tratado ter\u00e3o significado correspondente.<\/li>\n<li><strong>Usu\u00e1rio(s)\u00a0<\/strong>significa qualquer pessoa natural que possua um login ativo nas Plataformas Gelt.<\/li>\n<\/ul>\n<p><strong>SEGURAN\u00c7A<\/strong><\/p>\n<p>A Gelt informa aos Usu\u00e1rios que aplicar\u00e1 sempre as medidas de seguran\u00e7a t\u00e9cnica e organizacional aplic\u00e1veis estabelecidas na Legisla\u00e7\u00e3o Aplic\u00e1vel, dada a natureza dos Dados Pessoais processados e as circunst\u00e2ncias do tratamento, bem como aquelas que s\u00e3o aconselh\u00e1veis dado o estado da tecnologia, garantindo a integridade, seguran\u00e7a e confidencialidade dos Dados Pessoais.<\/p>\n<p>O Usu\u00e1rio \u00e9 correspons\u00e1vel pelo sigilo de seus Dados Pessoais. O compartilhamento de senha, login, e outros Dados Pessoais que viabilizam o acesso \u00e0 Conta de Usu\u00e1rio violam esta Pol\u00edtica de Privacidade e os\u00a0<a href=\"https:\/\/gelt.com\/br\/termos-e-condicoes\">Termos de Uso<\/a>.<\/p>\n<p>Os seus Dados Pessoais s\u00e3o armazenados no App instalado no seu dispositivo e, portanto, entendemos que proteger o seu dispositivo \u00e9 uma forma de manter, tamb\u00e9m, os seus dados mais seguros. Abaixo apresentamos algumas formas de manter as informa\u00e7\u00f5es do seu dispositivo mais seguras:<\/p>\n<ul>\n<li>Ative a autentica\u00e7\u00e3o por c\u00f3digo, reconhecimento biom\u00e9trico digital ou facial para o seu dispositivo. Isto encripta automaticamente os dados de acesso e impede que qualquer pessoa utilize o seu dispositivo sem a sua permiss\u00e3o.<\/li>\n<li>Configure uma funcionalidade que lhe permitir\u00e1 apagar todos os dados do seu dispositivo em caso de perda ou roubo:<\/li>\n<\/ul>\n<ul>\n<li>Para dispositivos iOS, ativar esta funcionalidade \u00e9 um processo em duas etapas: primeiro, \u00e9 preciso ativar o \u201cBuscar meu Iphone\u201d atrav\u00e9s do iCloud e depois ativar \u201cApagar dispositivo\u201d. (ver instru\u00e7\u00f5es nas p\u00e1ginas de Suporte da Apple).<\/li>\n<li>Para dispositivos Android, fa\u00e7a o download e configure o Find My Device (anteriormente Android Device Manager) a partir da Google Play Store e, se necess\u00e1rio, utilize a interface web ligada para bloquear ou limpar o seu telefone remotamente. (ver instru\u00e7\u00f5es nas p\u00e1ginas de Suporte do Google).<\/li>\n<\/ul>\n<p><strong>DADOS PESSOAIS COLETADOS<\/strong><\/p>\n<p>Acessamos os seus Dados Pessoais por meio do nosso aplicativo (\u201cApp\u201d) ou website\u00a0<a href=\"http:\/\/www.gelt.com\/br\">www.gelt.com\/br<\/a>\u00a0(\u201cSite\u201d) (em conjunto \u201cPlataformas Gelt\u201d). \u00c0s vezes, voc\u00ea nos fornece esses dados diretamente (p. ex., quando voc\u00ea cria uma conta, quando entra em contato conosco, ou quando nos d\u00e1 um depoimento), \u00e0s vezes n\u00f3s os coletamos (p. ex., usando cookies para entender como voc\u00ea utiliza nossas Plataformas) ou, \u00e0s vezes, recebemos informa\u00e7\u00f5es sobre voc\u00ea que est\u00e3o dispon\u00edveis na internet, ou por meio de terceiros como Facebook, Twitter, Instagram, Apple, LinkedIn e Google. Quanto mais voc\u00ea interage conosco, mais nos informa e mais capazes somos de lhe oferecer servi\u00e7os personalizados.<\/p>\n<p>A Gelt realizar\u00e1 o Tratamento dos Dados Pessoais dos Usu\u00e1rios, de acordo com as disposi\u00e7\u00f5es da presente nesta Pol\u00edtica, bem como de acordo com as cl\u00e1usulas de prote\u00e7\u00e3o de dados espec\u00edficas para determinados produtos ou servi\u00e7os que possam ser aplic\u00e1veis em cada caso.<\/p>\n<p>Os Dados Pessoais dos Usu\u00e1rios que a Gelt acessa s\u00e3o:<\/p>\n<ul>\n<li><strong>Dados obrigat\u00f3rios para a cria\u00e7\u00e3o de Conta de Usu\u00e1rio da Gelt.\u00a0<\/strong>Os Dados Pessoais que o Usu\u00e1rio deve fornecer para que a Gelt possa prestar seus Servi\u00e7os s\u00e3o: o endere\u00e7o de e-mail, o n\u00famero do telefone celular, primeiro nome e a data de nascimento.<\/li>\n<li><strong>Dados obrigat\u00f3rios para utiliza\u00e7\u00e3o dos Servi\u00e7os<\/strong>.\u00a0imagens dos Cupons Fiscais.<\/li>\n<li><strong>Dados obrigat\u00f3rios para o Saque.<\/strong>\u00a0Cadastro de Pessoas F\u00edsicas (CPF), nome completo.<\/li>\n<li><strong>Dados opcionais.\u00a0<\/strong>O Usu\u00e1rio \u00e9 livre para fornecer, opcionalmente: o endere\u00e7o postal, g\u00eanero, o nome dos membros de sua fam\u00edlia ou, se tiver, informa\u00e7\u00f5es sobre animais de estima\u00e7\u00e3o.<\/li>\n<li><strong>Dados obtidos por meio do uso das Plataformas Gelt.\u00a0<\/strong>Por meio do uso do App ou do site, a Gelt poder\u00e1 acessar ou obter o seu endere\u00e7o de IP, o ID de publicidade do dispositivo m\u00f3vel, as caracter\u00edsticas do dispositivo m\u00f3vel como o microfone ou c\u00e2mera, a prefer\u00eancia de idioma e o pa\u00eds de localiza\u00e7\u00e3o, os dados da sess\u00e3o na Gelt, o registro dos movimentos da sua conta Gelt, assim como os dados derivados das a\u00e7\u00f5es que o Usu\u00e1rio realiza atrav\u00e9s da utiliza\u00e7\u00e3o dos Servi\u00e7os.<\/li>\n<li><strong>Dados obtidos por meio da imagem de Cupons Fiscais.<\/strong>\u00a0Por meio da imagem de Cupons Fiscais enviados pelo Aplicativo para participa\u00e7\u00e3o em Promo\u00e7\u00f5es, a Gelt coleta, de forma automatizada, dados sobre outros produtos constantes no Cupom Fiscal escaneado, ainda que n\u00e3o sejam objeto de Promo\u00e7\u00e3o.<\/li>\n<li><strong>Dados obtidos por meio dos Afiliados<\/strong><strong>.<\/strong> Ap\u00f3s o Usu\u00e1rio ser direcionado ao <em>website <\/em>do Afiliado para visualizar o produto ou efetuar uma compra, os Afiliados podem compartilhar conosco o seu CPF, bem como a informa\u00e7\u00e3o a respeito da convers\u00e3o ou n\u00e3o da compra.<\/li>\n<\/ul>\n<p>Todos estes Dados Pessoais podem ser fornecidos diretamente pelos Usu\u00e1rios ou coletados indiretamente atrav\u00e9s da utiliza\u00e7\u00e3o de nossos Servi\u00e7os e nos termos legalmente estabelecidos, e ser\u00e3o tratados apenas para as finalidades descritas nesta Pol\u00edtica, conforme detalhadas abaixo.<\/p>\n<p><strong>FINALIDADES DO TRATAMENTO<\/strong><\/p>\n<p>Os Dados Pessoais acessados ser\u00e3o utilizados para efeitos de:<\/p>\n<ul>\n<li>Prestar os servi\u00e7os possibilidade de acumular incentivos econ\u00f4micos (doravante, \u201cCashback\u201d) pela compra de determinados produtos em supermercados, farm\u00e1cias e outros estabelecimentos comerciais, caso referido produto tenha um Cashback da Gelt associado (doravante, a \u201cPromo\u00e7\u00e3o\u201d, a \u201cPromo\u201d, as \u201cPromo\u00e7\u00f5es\u201d ou as \u201cPromos\u201d), ou pela participa\u00e7\u00e3o do Usu\u00e1rio em desafios ou compartilhamento de dados adicionais. Os produtos atrelados \u00e0s Promo\u00e7\u00f5es ser\u00e3o definidos pela Gelt e previamente informados ao Usu\u00e1rio no \u00edcone da Promo\u00e7\u00e3o. Tais produtos ser\u00e3o fabricados por marcas de grande consumo (doravante, os \u201cParceiros\u201d) ou selecionados pela Gelt nos casos em que a Promo\u00e7\u00e3o n\u00e3o seja atrelada a uma esp\u00e9cie de produto, ou seja, n\u00e3o vinculada a uma marca ou fabricante espec\u00edficos. Mediante participa\u00e7\u00e3o nas Promo\u00e7\u00f5es e\/ou desafios, o Usu\u00e1rio acumular\u00e1 pontos (\u201cGelts\u201d, tamb\u00e9m expresso em reais ou \u201cR$\u201d no Aplicativo) para posterior solicita\u00e7\u00e3o de resgate de um valor correspondente, em dinheiro (Reais), caso o saldo da Carteira do Usu\u00e1rio for igual ou superior a R$100 (cem Gelts), para saques em terminais autom\u00e1ticos da rede Banco24Horas, conforme explicado nos\u00a0<a href=\"https:\/\/gelt.com\/br\/termos-e-condicoes\">Termos de Uso<\/a>.\u00a0<strong>O Cashback acumulado na Carteira do Usu\u00e1rio da Gelt n\u00e3o tem valor, seja monet\u00e1rio ou de qualquer outra natureza, antes de atingir o m\u00ednimo de R$100 (cem Gelts).<\/strong><\/li>\n<li>Cria\u00e7\u00e3o de\u00a0um perfil de consumo e personaliza\u00e7\u00e3o de recursos e Conte\u00fados do Aplicativo, inclusive o direcionamento de Promo\u00e7\u00f5es, de maneira automatizada, para determinados Usu\u00e1rios com base no seu perfil de consumo. O seu perfil de consumo \u00e9 criado a partir do uso que voc\u00ea faz do Aplicativo (por meio da participa\u00e7\u00e3o em Promo\u00e7\u00f5es anteriores, dos Dados Pessoais fornecidos para a Gelt e dos produtos constantes nos Cupons Fiscais enviados pelo Aplicativo, ainda que n\u00e3o sejam objeto de Promo\u00e7\u00e3o).<\/li>\n<li>Avaliar a efetividade das Promo\u00e7\u00f5es, descontos e a\u00e7\u00f5es realizadas com os Afiliados.<\/li>\n<li>Intermediar a rela\u00e7\u00e3o entre o Usu\u00e1rio e os Afiliados.<\/li>\n<li>Conceder descontos aos Usu\u00e1rios em compras realizadas nos <em>websites <\/em>dos Afiliados.<\/li>\n<li>Elabora\u00e7\u00e3o de relat\u00f3rios e m\u00e9tricas estat\u00edsticas de mercado baseadas no comportamento do Usu\u00e1rio para: (i) Melhorar o servi\u00e7o prestado pela Gelt; (ii) Melhorar a experi\u00eancia do Usu\u00e1rio e usabilidade do App; (iii) Desenvolver novos produtos e servi\u00e7os; (iv) Refor\u00e7ar as medidas de seguran\u00e7a e (v) Analisar o uso e o impacto dos Servi\u00e7os em seus Usu\u00e1rios.<\/li>\n<li>Elabora\u00e7\u00e3o de relat\u00f3rios, m\u00e9tricas estat\u00edsticas agregadas e insights de mercado, para compartilhamento com Parceiros e Afiliados, de forma anonimizada, para ajud\u00e1-los a entender como e onde os Usu\u00e1rios Gelt consomem os seus Produtos.<\/li>\n<li>Manter atualizados os seus Dados Pessoais atrelados a uma Conta de Usu\u00e1rio.<\/li>\n<li>Detectar e prevenir qualquer fraude de identidade do Usu\u00e1rio.<\/li>\n<li>Envio de publicidade e promo\u00e7\u00f5es via e-mail, SMS, ou notifica\u00e7\u00e3o no aplicativo (Comunica\u00e7\u00f5es de Marketing). O Usu\u00e1rio poder\u00e1, marcando a caixa correspondente no processo de cadastro, posteriormente no painel de configura\u00e7\u00f5es, ou enviando um e-mail \u00e0 Gelt, deixar de receber estas comunica\u00e7\u00f5es.<\/li>\n<li>Gerenciar a participa\u00e7\u00e3o do Usu\u00e1rio em sorteios, campanhas, desafios e promo\u00e7\u00f5es lan\u00e7adas pela Gelt.<\/li>\n<li>Enviar comunica\u00e7\u00f5es comerciais ao Usu\u00e1rio, sob a forma de newsletters peri\u00f3dicas ou comunica\u00e7\u00f5es eletr\u00f4nicas espec\u00edficas sobre servi\u00e7os ou similares, via e-mail, SMS ou notifica\u00e7\u00e3o no aplicativo.<\/li>\n<\/ul>\n<p>A qualquer momento, o Usu\u00e1rio poder\u00e1 exercer seus direitos com rela\u00e7\u00e3o a estas opera\u00e7\u00f5es de Tratamento entrando em contato com o Encarregado atrav\u00e9s do e-mail:\u00a0<a href=\"mailto:falecomigo@br.gelt.com\">falecomigo@br.gelt.com<\/a>.<strong>\u00a0<\/strong><\/p>\n<p><strong>LEGITIMIDADE PARA O TRATAMENTO DE DADOS PESSOAIS<\/strong><\/p>\n<p>As bases legais para o Tratamento dos Dados Pessoais do Usu\u00e1rio de acordo com as finalidades descritas acima s\u00e3o as seguintes:<\/p>\n<ul>\n<li>Execu\u00e7\u00e3o de contrato ou de procedimentos preliminares relacionados a contrato, essencialmente quando necess\u00e1rios para (i) a presta\u00e7\u00e3o dos Servi\u00e7os\u00a0ao Usu\u00e1rio, (ii) o estabelecimento da rela\u00e7\u00e3o entre o Usu\u00e1rio e os Afiliados, ou (ii) responder \u00e0s solicita\u00e7\u00f5es dos Usu\u00e1rios, caso estes entrem em contato conosco.<\/li>\n<li>O consentimento\u00a0livre e informado do Usu\u00e1rio para: (i) Envio de comunica\u00e7\u00f5es de marketing via e-mail, SMS ou notifica\u00e7\u00f5es nos dispositivos; (ii) Participa\u00e7\u00e3o do Usu\u00e1rio em sorteios, campanhas, desafios e promo\u00e7\u00f5es lan\u00e7adas pela Gelt, (iii) Preenchimento de Dados Pessoais opcionais nas Plataformas Gelt, ou em outras situa\u00e7\u00f5es pontuais, sempre de acordo com a Legisla\u00e7\u00e3o Aplic\u00e1vel.<\/li>\n<li>Detec\u00e7\u00e3o e preven\u00e7\u00e3o de fraudes de identidade de acordo com obriga\u00e7\u00f5es legais da Gelt.<\/li>\n<li>Leg\u00edtimo interesse da Gelt para: (i) Envio de comunica\u00e7\u00f5es comerciais essenciais \u00e0 presta\u00e7\u00e3o dos Servi\u00e7os (como por exemplo e-mails, SMS e notifica\u00e7\u00f5es nos dispositivos com informa\u00e7\u00f5es sobre a libera\u00e7\u00e3o de valor para saque ou envio de QRCode); (ii) Realiza\u00e7\u00e3o de testes para corrigir poss\u00edveis erros, melhorar o Servi\u00e7o e fornecer o melhor Servi\u00e7o ao Usu\u00e1rio; e (iii) Elabora\u00e7\u00e3o de an\u00e1lises e relat\u00f3rios internos para avaliar os resultados das diferentes campanhas ou promo\u00e7\u00f5es lan\u00e7adas pela Gelt.<strong>\u00a0<\/strong><\/li>\n<\/ul>\n<p><strong>COMPARTILHAMENTO DE DADOS COM TERCEIROS<\/strong><\/p>\n<p>Como uma empresa de origem espanhola, a Gelt poder\u00e1 compartilhar os seus Dados Pessoais com empresas do mesmo grupo econ\u00f4mico localizadas em Estados membros da Uni\u00e3o Europeia ou para organiza\u00e7\u00f5es internacionais, desde que ofere\u00e7am um n\u00edvel adequado de prote\u00e7\u00e3o para os seus Dados Pessoais, ou de outra forma, conforme estabelecido na Legisla\u00e7\u00e3o Aplic\u00e1vel.<\/p>\n<p>A Gelt permite o acesso aos Dados Pessoais de seus Usu\u00e1rios por terceiros com os quais a Gelt tenha estabelecido previamente rela\u00e7\u00f5es comerciais, conhecidos como Operadores, que acessam tais dados a fim de cumprir com as finalidades espec\u00edficas para as quais a Gelt realiza o Tratamento de Dados Pessoais, conforme estabelecidas nesta Pol\u00edtica. Estas rela\u00e7\u00f5es entre a Gelt e seus Operadores s\u00e3o reguladas e delimitadas em seus contratos correspondentes, e cumprem com todos os requisitos da Legisla\u00e7\u00e3o Aplic\u00e1vel. Da mesma forma, a Gelt garante que seus Operadores cumpram com todos os requisitos de seguran\u00e7a exigidos pela Legisla\u00e7\u00e3o Aplic\u00e1vel. A Gelt poder\u00e1 comunicar os seus Dados Pessoais \u00e0s autoridades competentes, caso sejam excepcionalmente solicitadas e em cumprimento a obriga\u00e7\u00f5es legais ou regulat\u00f3rias ou em cumprimento a decis\u00f5es judiciais ou administrativas, e sempre de acordo com a Legisla\u00e7\u00e3o Aplic\u00e1vel. Notadamente, para cumprimento de obriga\u00e7\u00f5es legais e regulat\u00f3rias, os Dados Pessoais poder\u00e3o ser compartilhados com o BACEN e com institui\u00e7\u00f5es reguladas pelo BACEN com as quais a Gelt mant\u00e9m parceria.<\/p>\n<p>No caso de vendermos qualquer neg\u00f3cio ou ativo, podemos divulgar seus Dados Pessoais ao potencial comprador do referido neg\u00f3cio ou ativo como parte de um processo de auditoria. Se a Gelt ou parte de seus ativos for adquirida por terceiros, os Dados Pessoais que esta mantiver acerca de seus Usu\u00e1rios relacionados a esses ativos ser\u00e3o um dos ativos transferidos. Se aplic\u00e1vel, em tal caso, o comprador que atua na qualidade do novo Controlador dever\u00e1 se comprometer a realizar o Tratamento dos seus Dados Pessoais ao menos com o mesmo n\u00edvel de prote\u00e7\u00e3o e privacidade que a Gelt tem, e de acordo com esta Pol\u00edtica.<\/p>\n<p>A Gelt poder\u00e1 compartilhar Dados Anonimizados das transa\u00e7\u00f5es que aparecem no registro de movimentos de servi\u00e7os do Usu\u00e1rio com terceiros que operam nos mesmos setores econ\u00f4micos e comerciais da Gelt, e com Parceiros e Afiliados. Neste sentido, destacamos que a Gelt somente compartilha com os Afiliados um c\u00f3digo n\u00e3o identific\u00e1vel, por meio do qual estes reconhecem que um consumidor foi direcionado pelas Plataformas Gelt e, assim, aplica o desconto.<\/p>\n<p>O processo de anonimiza\u00e7\u00e3o dos seus Dados Pessoais consiste em substituir os seus dados exatos por outros imprecisos (por exemplo, substituir a quantidade de opera\u00e7\u00f5es por intervalos, agrupar as informa\u00e7\u00f5es detalhadas em crit\u00e9rios superiores, etc.), de forma que se torne imposs\u00edvel identificar pessoalmente o Usu\u00e1rio ou conhecer detalhes de seu consumo, a menos que seja feito um esfor\u00e7o desproporcional.<\/p>\n<p><strong>PRAZO DE RETEN\u00c7\u00c3O DE DADOS PESSOAIS<\/strong><\/p>\n<p>O Tratamento dos Dados Pessoais pela Gelt ser\u00e1 realizado apenas na medida, e pelo tempo necess\u00e1rio para a presta\u00e7\u00e3o dos Servi\u00e7os. Assim, a Gelt sujeitar\u00e1 os Dados armazenados a per\u00edodos de revis\u00e3o, a fim de bloquear (e posteriormente excluir ou anonimizar) aqueles que n\u00e3o forem mais objeto de Tratamento ou que n\u00e3o forem mais necess\u00e1rios para a finalidade, conforme esta Pol\u00edtica.<\/p>\n<p>Podemos reter alguns Dados Pessoais para al\u00e9m do per\u00edodo de revis\u00e3o para cumprir nossas obriga\u00e7\u00f5es legais ou regulat\u00f3rias, bem como para permitir e garantir o exerc\u00edcio regular de nossos direitos (por exemplo, em processo judicial, administrativo ou arbitral).<\/p>\n<p>Para fins de auditoria, seguran\u00e7a, controle de fraudes e preserva\u00e7\u00e3o de direitos, poderemos permanecer com o hist\u00f3rico de registro dos Dados Pessoais por prazo maior nas hip\u00f3teses que a lei ou norma regulat\u00f3ria assim estabelecer ou para preserva\u00e7\u00e3o de direitos.<\/p>\n<p><strong>DIREITOS DO USU\u00c1RIO<\/strong><\/p>\n<p>A Gelt informa que voc\u00ea pode, a qualquer momento, exercer seus direitos de acordo com os termos estabelecidos na Legisla\u00e7\u00e3o Aplic\u00e1vel.<\/p>\n<ul>\n<li><strong>Direito de informa\u00e7\u00e3o:\u00a0<\/strong>o Titular tem o direito de solicitar a confirma\u00e7\u00e3o de realiza\u00e7\u00e3o de Tratamento, informa\u00e7\u00f5es acerca das entidades p\u00fablicas e privadas com as quais o Controlador realizou uso compartilhado de dados, e acesso aos seus Dados Pessoais a fim de verificar se o Tratamento est\u00e1 sendo realizado de acordo com a Legisla\u00e7\u00e3o Aplic\u00e1vel.<\/li>\n<li><strong>Direito de corre\u00e7\u00e3o:<\/strong>\u00a0o Titular tem o direito de solicitar a corre\u00e7\u00e3o de quaisquer Dados Pessoais que lhe digam respeito que sejam inexatos, incompletos ou desatualizados a fim de proteger a exatid\u00e3o de tais informa\u00e7\u00f5es.<\/li>\n<li><strong>Direito de revoga\u00e7\u00e3o do consentimento:<\/strong>\u00a0o Titular tem o direito de\u00a0revogar o seu consentimento para o Tratamento dos seus Dados Pessoais em curso, sem afetar a legalidade do tratamento com base no consentimento antes de sua revoga\u00e7\u00e3o, e solicitar a elimina\u00e7\u00e3o dos seus Dados Pessoais que foram tratados com base no seu consentimento.<\/li>\n<li><strong>Direito de elimina\u00e7\u00e3o:<\/strong>\u00a0o Titular tem o direito de solicitar que o Controlador apague seus Dados Pessoais, incluindo todos os dados passados enviados para terceiros. Note que algumas exce\u00e7\u00f5es s\u00e3o regulamentadas pela Legisla\u00e7\u00e3o Aplic\u00e1vel que limitam esse direito.<\/li>\n<li><strong>Direito \u00e0 limita\u00e7\u00e3o do tratamento:\u00a0<\/strong>o Titular tem o direito de solicitar que o Controlador restrinja o tratamento de seus Dados Pessoais por meio de anonimiza\u00e7\u00e3o, bloqueio ou elimina\u00e7\u00e3o de Dados Pessoais que sejam considerados desnecess\u00e1rios, excessivos ou que sejam tratados em desconformidade com a Legisla\u00e7\u00e3o Aplic\u00e1vel.<\/li>\n<li><strong>Direito \u00e0 portabilidade:\u00a0<\/strong>o Titular tem o direito de solicitar a portabilidade dos seus Dados Pessoais para outro Controlador.<\/li>\n<li><strong>Direito de apresentar queixa\/reclama\u00e7\u00e3o a uma autoridade<\/strong>:\u00a0em particular \u00e0 ANPD ou qualquer outra autoridade competente conforme determinado pela Legisla\u00e7\u00e3o Aplic\u00e1vel, se o Titular considerar que o Tratamento dos Dados Pessoais que lhe dizem respeito viola a Legisla\u00e7\u00e3o Aplic\u00e1vel.<\/li>\n<\/ul>\n<p>Para iniciar o procedimento para exercer um ou mais destes direitos, voc\u00ea pode acessar sua \u00e1rea pessoal, o ambiente de Privacidade que a Gelt estabeleceu para todos os Usu\u00e1rios, ou ainda, voc\u00ea pode entrar em contato com o Encarregado atrav\u00e9s do e-mail:\u00a0<a href=\"mailto:falecomigo@br.gelt.com\">falecomigo@br.gelt.com<\/a>.<\/p>\n<p><strong>COMUNICA\u00c7\u00d5ES DE MARKETING<\/strong><\/p>\n<p>Ao registrar-se como Usu\u00e1rio voc\u00ea receber\u00e1 e-mails, notifica\u00e7\u00f5es nos dispositivos e SMS da Gelt com informa\u00e7\u00f5es essenciais sobre os Servi\u00e7os. Voc\u00ea tamb\u00e9m pode receber informa\u00e7\u00f5es sobre desafios, promo\u00e7\u00f5es e novidades da Gelt e de Parceiros por estes canais, mas apenas se voc\u00ea aceitou receber este tipo de comunica\u00e7\u00e3o de marketing por meio de um opt-in. Se voc\u00ea autorizou o envio destas comunica\u00e7\u00f5es de marketing, mas n\u00e3o quer mais recebe-las, voc\u00ea pode a qualquer momento optar por n\u00e3o mais recebe-las, bastando: (i) modificar suas Prefer\u00eancias de Configura\u00e7\u00e3o de Conta; (ii) selecionar a op\u00e7\u00e3o \u2018Modificar assinatura\u2019 presente em qualquer comunica\u00e7\u00e3o de marketing que voc\u00ea tenha recebido de n\u00f3s; ou (iii) entrar em contato conosco diretamente por e-mail em\u00a0<a href=\"mailto:falecomigo@br.gelt.com\">falecomigo@br.gelt.com<\/a>.<\/p>\n<p>Observe que, mesmo que voc\u00ea opte por n\u00e3o receber comunica\u00e7\u00f5es de marketing, podemos continuar enviando e-mails n\u00e3o promocionais e outros tipos de comunica\u00e7\u00f5es, conforme permitido por lei, tais como e-mails de servi\u00e7o relacionados ao nosso relacionamento comercial cont\u00ednuo. Os e-mails de servi\u00e7o cont\u00eam informa\u00e7\u00f5es relacionadas a servi\u00e7os que afetam sua Conta de Usu\u00e1rio, tais como confirma\u00e7\u00f5es de pedidos de produtos, atualiza\u00e7\u00f5es de pagamento e respostas aos seus coment\u00e1rios e feedback enviados para n\u00f3s.<\/p>\n<p>O Aplicativo, extens\u00f5es do navegador e sites podem enviar notifica\u00e7\u00f5es como alertas, sons e \u00edcones. As notifica\u00e7\u00f5es autom\u00e1ticas ou mensagens embutidas no aplicativo podem incluir mensagens operacionais e promocionais sobre produtos, servi\u00e7os e ofertas que possam ser de seu interesse. Ao usar aplicativos m\u00f3veis, notifica\u00e7\u00f5es\u00a0<em>push<\/em>\u00a0e outros alertas podem ser configurados nas configura\u00e7\u00f5es do seu dispositivo m\u00f3vel. Assim como nos e-mails, mesmo que voc\u00ea opte por n\u00e3o receber comunica\u00e7\u00f5es de marketing, n\u00f3s ainda podemos enviar-lhe notifica\u00e7\u00f5es autom\u00e1ticas n\u00e3o promocionais, como as relativas ao uso de aplicativos ou nossas rela\u00e7\u00f5es comerciais em andamento.<\/p>\n<p><strong>LINKS DE TERCEIROS<\/strong><\/p>\n<p>O Usu\u00e1rio pode encontrar links de terceiros no Site ou App para outros sites controlados por terceiros (\u201cSites geridos por nossos Afiliados\u201d), como por exemplo a se\u00e7\u00e3o \u201cFora do Supermercado\u201d, ou an\u00fancios veiculados na parte principal do App. Nestes casos, a Gelt n\u00e3o tem o poder de controlar o conte\u00fado fornecido por Sites geridos por nossos Afiliados, nem \u00e9 respons\u00e1vel pelo Tratamento dos seus Dados Pessoais por parte dos respons\u00e1veis por esses sites. Lembramos que esta Pol\u00edtica de Privacidade s\u00f3 se aplica aos Dados Pessoais Tratados pela Gelt por meio das Plataformas Gelt. Portanto, a Gelt n\u00e3o se responsabiliza por qualquer aspecto relacionado ao Tratamento de Dados Pessoais do Usu\u00e1rio que possa ser realizado pelos respons\u00e1veis por esses sites de terceiros, mesmo quando estes s\u00e3o nossos Afiliados. Recomendamos que o Usu\u00e1rio acesse as pol\u00edticas de privacidade destas plataformas para obter mais informa\u00e7\u00f5es sobre o Tratamento de seus Dados Pessoais por estes terceiros.<\/p>\n<p>Quando o Usu\u00e1rio realiza o acesso nas Plataformas Gelt por meio de uma conta existente no Facebook, Twitter, Apple ou Google, estas plataformas de terceiros acessam e usam seus Dados Pessoais e podem compartilhar alguns Dados Pessoais seus conosco, o Usu\u00e1rio deve conhecer e aceitar os termos e condi\u00e7\u00f5es de uso e as pol\u00edticas de privacidade destas plataformas para permitir a vincula\u00e7\u00e3o de sua conta nestas plataformas com o a Gelt.<\/p>\n<p><strong>INFORMA\u00c7\u00d5ES SOBRE COOKIES<\/strong><\/p>\n<p>A Gelt utiliza cookies em seu Site e Aplicativo. Cookies s\u00e3o arquivos que s\u00e3o armazenados nos dispositivos do Usu\u00e1rio que acessa o site e navega atrav\u00e9s dele e, em particular, cont\u00e9m um n\u00famero que identifica exclusivamente o computador do Usu\u00e1rio, mesmo que o local ou endere\u00e7o IP seja alterado.<\/p>\n<p>Os cookies coletam informa\u00e7\u00f5es que podem nos permitir identificar voc\u00ea ou sua localiza\u00e7\u00e3o, assim como salvar informa\u00e7\u00f5es sobre suas prefer\u00eancias de navega\u00e7\u00e3o para lhe proporcionar uma experi\u00eancia mais pessoal em futuras visitas ao site. O uso de cookies tamb\u00e9m nos permite coletar padr\u00f5es de uso do site a fim de fazer melhorias em nossos servi\u00e7os.<\/p>\n<p><strong>REDES SOCIAIS<\/strong><\/p>\n<p>Atualmente, a Gelt possui perfis em diferentes Redes Sociais: Facebook, LinkedIn, Twitter e Instagram. O tratamento de dados que a Gelt realiza como Controlador destes dados nestas redes sociais \u00e9 o permitido pelas diferentes redes sociais para os perfis dispon\u00edveis nas mesmas.<\/p>\n<p>Atrav\u00e9s das mencionadas Redes Sociais mantemos informados os Usu\u00e1rios que fazem parte de nossa rede. Em qualquer caso, n\u00e3o exportamos dados das diferentes Redes Sociais, a menos que pr\u00e9via e expressamente solicitemos o consentimento do Usu\u00e1rio para uma finalidade espec\u00edfica.<\/p>\n<p>Caso voc\u00ea consulte o conte\u00fado das Redes Sociais atrav\u00e9s de nosso Site ou Aplicativo, um Cookie dessa Rede Social pode ser armazenado no seu dispositivo. Convidamos voc\u00ea a ler a Pol\u00edtica de Cookies dessas Redes Sociais para obter mais informa\u00e7\u00f5es.<\/p>\n<p><strong>ALTERA\u00c7\u00d5ES E ATUALIZA\u00c7\u00d5ES NA POL\u00cdTICA DE PRIVACIDADE<\/strong><\/p>\n<p>Esta Pol\u00edtica de Privacidade entra em vigor a partir da data de vig\u00eancia estabelecida acima. A Gelt reserva-se o direito de alterar esta Pol\u00edtica de Privacidade a qualquer momento, conforme a finalidade ou necessidade, tal qual para adequa\u00e7\u00e3o e conformidade legal de disposi\u00e7\u00e3o de lei ou norma que tenha for\u00e7a jur\u00eddica equivalente, sempre de acordo com as leis aplic\u00e1veis relacionadas \u00e0 privacidade e Prote\u00e7\u00e3o de Dados Pessoais no Brasil, cabendo a voc\u00ea verific\u00e1-la sempre que visitar as nossas p\u00e1ginas ou acessar as nossas Plataformas.<\/p>\n<p>Se fizermos altera\u00e7\u00f5es nesta Pol\u00edtica de Privacidade, n\u00f3s o notificaremos atrav\u00e9s de um aviso em nossas Plataformas ou tamb\u00e9m, conforme aplic\u00e1vel, atrav\u00e9s de uma comunica\u00e7\u00e3o via e-mail ou notifica\u00e7\u00e3o em sua Conta de Usu\u00e1rio.<\/p>\n<p>Em qualquer caso, o cabe\u00e7alho desta Pol\u00edtica de Privacidade conter\u00e1 a data da \u00faltima atualiza\u00e7\u00e3o.<\/p>\n<p>Ao continuar a acessar ou usar os servi\u00e7os da Gelt ap\u00f3s tais altera\u00e7\u00f5es ou atualiza\u00e7\u00f5es, o usu\u00e1rio est\u00e1 sujeito \u00e0 Pol\u00edtica de Privacidade revisada.<\/p>\n<p><strong>OUTRAS DISPOSI\u00c7\u00d5ES<\/strong><\/p>\n<p>O n\u00e3o exerc\u00edcio de qualquer disposi\u00e7\u00e3o desta Pol\u00edtica n\u00e3o significar\u00e1 ren\u00fancia.<\/p>\n<p>A presente Pol\u00edtica ser\u00e1 regida e interpretada segundo a legisla\u00e7\u00e3o brasileira, no idioma portugu\u00eas, sendo eleito o Foro da Comarca de S\u00e3o Paulo para dirimir qualquer lit\u00edgio ou controv\u00e9rsia envolvendo o presente documento, salvo ressalva espec\u00edfica de compet\u00eancia pessoal, territorial ou funcional pela legisla\u00e7\u00e3o aplic\u00e1vel.<strong>\u00a0<\/strong><\/p>\n<p><strong>CONTATO<\/strong><\/p>\n<p>Se voc\u00ea tiver alguma d\u00favida sobre esta Pol\u00edtica de Privacidade ou sobre o uso de seus Dados Pessoais, ou se desejar corrigir ou excluir dados, utilize o formul\u00e1rio de contato para suporte dispon\u00edvel em <a href=\"https:\/\/soporte.br.gelt.com\/hc\/pt-br\/requests\/new\">https:\/\/soporte.br.gelt.com\/hc\/pt-br\/requests\/new<\/a><\/p>\n<p>Ficamos felizes que voc\u00ea tenha lido a Pol\u00edtica de Privacidade da Gelt!<\/p>\n<p>Se voc\u00ea estiver de acordo com o que leu, fique \u00e0 vontade para usar o nosso Aplicativo![\/vc_wp_text][\/vc_column][\/vc_row]<\/p>\n","protected":false},"excerpt":{"rendered":"<p>[vc_row top=&#8221;260px&#8221; bottom=&#8221;140px&#8221; content_fadeout=&#8221;content-fadeout&#8221; textalign=&#8221;center&#8221; slope_bottom=&#8221;slope-bottom&#8221; slope_bottom_height=&#8221;60px&#8221; row_seperator=&#8221;no-seperator&#8221; font_color=&#8221;#ffffff&#8221; slope_bottom_color=&#8221;#ffffff&#8221; bg_color=&#8221;#ededed&#8221;][vc_column][vc_heading h_size=&#8221;h-extralarge&#8221; title=&#8221;Pol\u00edtica de Privacidade&#8221; title_color=&#8221;#ff344c&#8221; subtitle_color=&#8221;#ffffff&#8221; alignment=&#8221;align-left&#8221;][\/vc_column][\/vc_row][vc_row][vc_column][vc_wp_text] Data da atualiza\u00e7\u00e3o 26 de setembro de 2022 INTRODU\u00c7\u00c3O A Gelt leva muito a s\u00e9rio a privacidade dos Usu\u00e1rios, garantindo que qualquer opera\u00e7\u00e3o de Tratamento nas Plataformas Gelt seja sempre realizada de acordo com a presente Pol\u00edtica de Privacidade (\u201cPol\u00edtica\u201d),\u00a0Termos de Uso\u00a0e com a Legisla\u00e7\u00e3o Aplic\u00e1vel, bem como a confidencialidade dos Dados Pessoais a que tem acesso&#8230;.  <\/p>\n<div class=\"read-more\"><a class=\"excerpt-read-more\" href=\"https:\/\/gelt.com\/br\/politica-de-privacidade\/\" title=\"Continue reading Legal &#8211; Pol\u00edtica de Privacidade\u00a0\">Read more<i class=\"fa fa-angle-right\"><\/i><\/a><\/div>\n","protected":false},"author":20,"featured_media":0,"parent":0,"menu_order":0,"comment_status":"open","ping_status":"open","template":"page-full-width.php","meta":{"content-type":"","footnotes":""},"yoast_head":"<!-- This site is optimized with the Yoast SEO plugin v21.9.1 - https:\/\/yoast.com\/wordpress\/plugins\/seo\/ -->\n<title>Pol\u00edtica de privacidade<\/title>\n<meta name=\"robots\" content=\"index, follow, max-snippet:-1, max-image-preview:large, max-video-preview:-1\" \/>\n<link rel=\"canonical\" href=\"https:\/\/gelt.com\/br\/politica-de-privacidade\/\" \/>\n<meta property=\"og:locale\" content=\"en_US\" \/>\n<meta property=\"og:type\" content=\"article\" \/>\n<meta property=\"og:title\" content=\"Pol\u00edtica de privacidade\" \/>\n<meta property=\"og:description\" content=\"[vc_row top=&#8221;260px&#8221; bottom=&#8221;140px&#8221; content_fadeout=&#8221;content-fadeout&#8221; textalign=&#8221;center&#8221; slope_bottom=&#8221;slope-bottom&#8221; slope_bottom_height=&#8221;60px&#8221; row_seperator=&#8221;no-seperator&#8221; font_color=&#8221;#ffffff&#8221; slope_bottom_color=&#8221;#ffffff&#8221; bg_color=&#8221;#ededed&#8221;][vc_column][vc_heading h_size=&#8221;h-extralarge&#8221; title=&#8221;Pol\u00edtica de Privacidade&#8221; title_color=&#8221;#ff344c&#8221; subtitle_color=&#8221;#ffffff&#8221; alignment=&#8221;align-left&#8221;][\/vc_column][\/vc_row][vc_row][vc_column][vc_wp_text] Data da atualiza\u00e7\u00e3o 26 de setembro de 2022 INTRODU\u00c7\u00c3O A Gelt leva muito a s\u00e9rio a privacidade dos Usu\u00e1rios, garantindo que qualquer opera\u00e7\u00e3o de Tratamento nas Plataformas Gelt seja sempre realizada de acordo com a presente Pol\u00edtica de Privacidade (\u201cPol\u00edtica\u201d),\u00a0Termos de Uso\u00a0e com a Legisla\u00e7\u00e3o Aplic\u00e1vel, bem como a confidencialidade dos Dados Pessoais a que tem acesso.... Read more\" \/>\n<meta property=\"og:url\" content=\"https:\/\/gelt.com\/br\/politica-de-privacidade\/\" \/>\n<meta property=\"og:site_name\" content=\"Gelt Brasil\" \/>\n<meta property=\"article:modified_time\" content=\"2022-09-26T21:29:42+00:00\" \/>\n<meta name=\"twitter:card\" content=\"summary_large_image\" \/>\n<meta name=\"twitter:label1\" content=\"Est. reading time\" \/>\n\t<meta name=\"twitter:data1\" content=\"19 minutes\" \/>\n<script type=\"application\/ld+json\" class=\"yoast-schema-graph\">{\"@context\":\"https:\/\/schema.org\",\"@graph\":[{\"@type\":\"WebPage\",\"@id\":\"https:\/\/gelt.com\/br\/politica-de-privacidade\/\",\"url\":\"https:\/\/gelt.com\/br\/politica-de-privacidade\/\",\"name\":\"Pol\u00edtica de privacidade\",\"isPartOf\":{\"@id\":\"https:\/\/gelt.com\/br\/#website\"},\"datePublished\":\"2020-11-30T11:16:15+00:00\",\"dateModified\":\"2022-09-26T21:29:42+00:00\",\"breadcrumb\":{\"@id\":\"https:\/\/gelt.com\/br\/politica-de-privacidade\/#breadcrumb\"},\"inLanguage\":\"en-US\",\"potentialAction\":[{\"@type\":\"ReadAction\",\"target\":[\"https:\/\/gelt.com\/br\/politica-de-privacidade\/\"]}]},{\"@type\":\"BreadcrumbList\",\"@id\":\"https:\/\/gelt.com\/br\/politica-de-privacidade\/#breadcrumb\",\"itemListElement\":[{\"@type\":\"ListItem\",\"position\":1,\"name\":\"Portada\",\"item\":\"https:\/\/gelt.com\/br\/\"},{\"@type\":\"ListItem\",\"position\":2,\"name\":\"Legal &#8211; Pol\u00edtica de Privacidade\u00a0\"}]},{\"@type\":\"WebSite\",\"@id\":\"https:\/\/gelt.com\/br\/#website\",\"url\":\"https:\/\/gelt.com\/br\/\",\"name\":\"Gelt Brasil\",\"description\":\"Gelt App, fa\u00e7a dinheiro comprando\",\"potentialAction\":[{\"@type\":\"SearchAction\",\"target\":{\"@type\":\"EntryPoint\",\"urlTemplate\":\"https:\/\/gelt.com\/br\/?s={search_term_string}\"},\"query-input\":\"required name=search_term_string\"}],\"inLanguage\":\"en-US\"}]}<\/script>\n<!-- \/ Yoast SEO plugin. -->","yoast_head_json":{"title":"Pol\u00edtica de privacidade","robots":{"index":"index","follow":"follow","max-snippet":"max-snippet:-1","max-image-preview":"max-image-preview:large","max-video-preview":"max-video-preview:-1"},"canonical":"https:\/\/gelt.com\/br\/politica-de-privacidade\/","og_locale":"en_US","og_type":"article","og_title":"Pol\u00edtica de privacidade","og_description":"[vc_row top=&#8221;260px&#8221; bottom=&#8221;140px&#8221; content_fadeout=&#8221;content-fadeout&#8221; textalign=&#8221;center&#8221; slope_bottom=&#8221;slope-bottom&#8221; slope_bottom_height=&#8221;60px&#8221; row_seperator=&#8221;no-seperator&#8221; font_color=&#8221;#ffffff&#8221; slope_bottom_color=&#8221;#ffffff&#8221; bg_color=&#8221;#ededed&#8221;][vc_column][vc_heading h_size=&#8221;h-extralarge&#8221; title=&#8221;Pol\u00edtica de Privacidade&#8221; title_color=&#8221;#ff344c&#8221; subtitle_color=&#8221;#ffffff&#8221; alignment=&#8221;align-left&#8221;][\/vc_column][\/vc_row][vc_row][vc_column][vc_wp_text] Data da atualiza\u00e7\u00e3o 26 de setembro de 2022 INTRODU\u00c7\u00c3O A Gelt leva muito a s\u00e9rio a privacidade dos Usu\u00e1rios, garantindo que qualquer opera\u00e7\u00e3o de Tratamento nas Plataformas Gelt seja sempre realizada de acordo com a presente Pol\u00edtica de Privacidade (\u201cPol\u00edtica\u201d),\u00a0Termos de Uso\u00a0e com a Legisla\u00e7\u00e3o Aplic\u00e1vel, bem como a confidencialidade dos Dados Pessoais a que tem acesso.... Read more","og_url":"https:\/\/gelt.com\/br\/politica-de-privacidade\/","og_site_name":"Gelt Brasil","article_modified_time":"2022-09-26T21:29:42+00:00","twitter_card":"summary_large_image","twitter_misc":{"Est. reading time":"19 minutes"},"schema":{"@context":"https:\/\/schema.org","@graph":[{"@type":"WebPage","@id":"https:\/\/gelt.com\/br\/politica-de-privacidade\/","url":"https:\/\/gelt.com\/br\/politica-de-privacidade\/","name":"Pol\u00edtica de privacidade","isPartOf":{"@id":"https:\/\/gelt.com\/br\/#website"},"datePublished":"2020-11-30T11:16:15+00:00","dateModified":"2022-09-26T21:29:42+00:00","breadcrumb":{"@id":"https:\/\/gelt.com\/br\/politica-de-privacidade\/#breadcrumb"},"inLanguage":"en-US","potentialAction":[{"@type":"ReadAction","target":["https:\/\/gelt.com\/br\/politica-de-privacidade\/"]}]},{"@type":"BreadcrumbList","@id":"https:\/\/gelt.com\/br\/politica-de-privacidade\/#breadcrumb","itemListElement":[{"@type":"ListItem","position":1,"name":"Portada","item":"https:\/\/gelt.com\/br\/"},{"@type":"ListItem","position":2,"name":"Legal &#8211; Pol\u00edtica de Privacidade\u00a0"}]},{"@type":"WebSite","@id":"https:\/\/gelt.com\/br\/#website","url":"https:\/\/gelt.com\/br\/","name":"Gelt Brasil","description":"Gelt App, fa\u00e7a dinheiro comprando","potentialAction":[{"@type":"SearchAction","target":{"@type":"EntryPoint","urlTemplate":"https:\/\/gelt.com\/br\/?s={search_term_string}"},"query-input":"required name=search_term_string"}],"inLanguage":"en-US"}]}},"_links":{"self":[{"href":"https:\/\/gelt.com\/br\/wp-json\/wp\/v2\/pages\/16237"}],"collection":[{"href":"https:\/\/gelt.com\/br\/wp-json\/wp\/v2\/pages"}],"about":[{"href":"https:\/\/gelt.com\/br\/wp-json\/wp\/v2\/types\/page"}],"author":[{"embeddable":true,"href":"https:\/\/gelt.com\/br\/wp-json\/wp\/v2\/users\/20"}],"replies":[{"embeddable":true,"href":"https:\/\/gelt.com\/br\/wp-json\/wp\/v2\/comments?post=16237"}],"version-history":[{"count":6,"href":"https:\/\/gelt.com\/br\/wp-json\/wp\/v2\/pages\/16237\/revisions"}],"predecessor-version":[{"id":18697,"href":"https:\/\/gelt.com\/br\/wp-json\/wp\/v2\/pages\/16237\/revisions\/18697"}],"wp:attachment":[{"href":"https:\/\/gelt.com\/br\/wp-json\/wp\/v2\/media?parent=16237"}],"curies":[{"name":"wp","href":"https:\/\/api.w.org\/{rel}","templated":true}]}}