{"id":141261,"date":"2022-04-06T16:15:35","date_gmt":"2022-04-06T14:15:35","guid":{"rendered":"https:\/\/gelt.com\/es\/?page_id=141261"},"modified":"2022-04-07T10:50:49","modified_gmt":"2022-04-07T08:50:49","slug":"politica-de-privacidad-geltpro","status":"publish","type":"page","link":"https:\/\/gelt.com\/es\/politica-de-privacidad-geltpro\/","title":{"rendered":"POLITICA DE PRIVACIDAD GELTPRO"},"content":{"rendered":"<p>[vc_row row_show_on=\u00bbhide_mobile_portrait\u00bb][vc_column][vc_empty_space][vc_empty_space][vc_column_text]<\/p>\n<h3 class=\"p1\" style=\"text-align: center;\"><span class=\"s1\"><b>GELT PRO<\/b><\/span><\/h3>\n<p>[\/vc_column_text][vc_empty_space height=\u00bb8px\u00bb][vc_column_text]<\/p>\n<p class=\"p1\" style=\"text-align: center;\"><span class=\"s1\"><b>POL\u00cdTICA DE PRIVACIDAD<\/b><\/span><\/p>\n<p>[\/vc_column_text][vc_empty_space][vc_column_text]<\/p>\n<p class=\"p1\" style=\"text-align: right;\"><em>Fecha de actualizaci\u00f3n 15 abril de 2022<\/em><\/p>\n<p>[\/vc_column_text][vc_empty_space][vc_empty_space][vc_column_text]<\/p>\n<p class=\"p1\"><span class=\"s1\"><b>RESPONSABLE DEL TRATAMIENTO DE DATOS DE CAR\u00c1CTER PERSONAL<\/b><\/span><\/p>\n<p class=\"p2\">El Responsable de Tratamiento de Datos de Car\u00e1cter Personal es la entidad mercantil \u201c<b>DINERO GELT S.L.<\/b>\u201d (en adelante \u201cGELT PRO\u201d o \u201cel Responsable\u201d), provista del CIF B87368692 y con domicilio social en la calle Arturo Soria, 97-A. 28027, Madrid, inscrita en el Registro Mercantil de Madrid en la Hoja M-609192, Tomo 33849 y Folio 148. Su direcci\u00f3n de e-mail es hola@gelt.app<\/p>\n<p class=\"p2\">Tambi\u00e9n puede consultar al Delegado de Protecci\u00f3n de Datos (DPD) de GELT para obtener una opini\u00f3n sobre las operaciones de tratamiento de datos, ya sea que conciernan a usted o que usted lleva a cabo. Su e-mail: dpd@gelt.app<\/p>\n<p class=\"p2\">Por favor, lea atentamente los tres documentos antes de usar la aplicaci\u00f3n. No podr\u00e1 utilizar los servicios prove\u00eddos por GELT PRO si previamente no ha aceptado nuestra Pol\u00edtica de Privacidad o si revoca su consentimiento para el tratamiento de sus datos personales.<\/p>\n<p>[\/vc_column_text][vc_empty_space][vc_column_text]<\/p>\n<p class=\"p1\"><span class=\"s1\"><b>DATOS PERSONALES QUE SE RECABAN<\/b><\/span><\/p>\n<p class=\"p1\">GELT PRO recopilar\u00e1 y tratar\u00e1 los Datos personales del Contratante, de acuerdo con las disposiciones de esta Pol\u00edtica de Privacidad, as\u00ed como de acuerdo con las cl\u00e1usulas de protecci\u00f3n de datos espec\u00edficos para determinados productos o servicios que pudieran ser aplicables en cada caso.<\/p>\n<p class=\"p1\">Los Datos Personales del Contratante que GELT recaba y trata son:<\/p>\n<ul class=\"ul1\">\n<li class=\"li2\">*Nombre<\/li>\n<li class=\"li2\">Apellidos<\/li>\n<li class=\"li2\">Rol en la empresa (deber\u00e1n escoger entre)\n<ul class=\"ul1\">\n<li class=\"li2\">Propietario<\/li>\n<li class=\"li2\">Administrador<\/li>\n<li class=\"li2\">Responsable\/Encargado<\/li>\n<li class=\"li2\">Trabajador autorizado<\/li>\n<\/ul>\n<\/li>\n<li class=\"li2\">*C\u00f3digo Postal<span class=\"Apple-converted-space\">\u00a0<\/span><\/li>\n<li class=\"li2\">*Email<span class=\"Apple-converted-space\">\u00a0<\/span><\/li>\n<li class=\"li2\">*Tel\u00e9fono<span class=\"Apple-converted-space\">\u00a0<\/span><\/li>\n<\/ul>\n<p>[\/vc_column_text][vc_empty_space][vc_column_text]<\/p>\n<p class=\"p1\"><span class=\"s1\"><b>FINALIDADES DEL TRATAMIENTO<\/b><\/span><\/p>\n<p class=\"p1\">Los datos personales recopilados se procesar\u00e1n con el fin de:<\/p>\n<p class=\"p1\"><b>1-Proporcionar el servicio.\u00a0<\/b>Recogidos en las Condiciones Generales de Contrataci\u00f3n.<\/p>\n<p class=\"p1\"><b>2-Elaboraci\u00f3n de informes y estad\u00edsticas\u00a0<\/b>de mercado,<span class=\"Apple-converted-space\">\u00a0<\/span><\/p>\n<p class=\"p1\"><b>3- Desarrollar nuevos productos y servicios:<\/b><\/p>\n<p class=\"p1\"><b>4- <\/b>Detectar y prevenir cualquier fraude de identidad.<\/p>\n<p class=\"p1\"><b>5-<\/b>Reforzar las medidas de seguridad<\/p>\n<p class=\"p1\"><b>Analizar el uso y repercusi\u00f3n de los servicios de GELT PRO.<\/b><\/p>\n<p class=\"p1\"><b>6- Env\u00edo de publicidad y promociones v\u00eda e-mail.<\/b><\/p>\n<ol class=\"ol1\">\n<li class=\"li1\">Enviar comunicaciones comerciales al Contratante, en forma de newsletter peri\u00f3dicas o comunicaciones electr\u00f3nicas puntuales sobre servicios o similares, v\u00eda e-mail o notificaci\u00f3n en la aplicaci\u00f3n m\u00f3vil. El Contratante, marcando la casilla correspondiente en el proceso de registro, o mediante el ejercicio de sus derechos, podr\u00e1 dejar de recibir estas comunicaciones electr\u00f3nicas. En cualquier momento el Contratante podr\u00e1 ejercer su derecho de oposici\u00f3n a estos tratamientos mediante solicitud a nuestro Delegado de Protecci\u00f3n de Datos: dpd@gelt.app<\/li>\n<\/ol>\n<p>[\/vc_column_text][vc_empty_space][vc_column_text]<\/p>\n<p class=\"p1\"><span class=\"s1\"><b>LEGITIMACI\u00d3N PARA EL TRATAMIENTO<\/b><\/span><\/p>\n<p class=\"p1\">Las bases legales para el tratamiento de los Datos Personales del Contratante de acuerdo con las finalidades anteriormente descritas son las siguientes:<\/p>\n<p class=\"p1\"><b>1-El consentimiento expl\u00edcito y libre del Contratante.\u00a0<\/b><\/p>\n<p class=\"p1\"><b>2-Las obligaciones contractuales para prestar el servicio.<\/b><\/p>\n<p class=\"p1\"><b>3-Las obligaciones de GELT PRO para la detecci\u00f3n y prevenci\u00f3n de fraudes\u00a0<\/b>de identidad de acuerdo con lo establecido en la legislaci\u00f3n relativa al blanqueo de capitales.<\/p>\n<p class=\"p1\"><b>4.- El inter\u00e9s leg\u00edtimo de GELT PRO para:<\/b><\/p>\n<ol class=\"ol1\">\n<li class=\"li1\">El env\u00edo de comunicaciones comerciales.<\/li>\n<li class=\"li1\">La realizaci\u00f3n de pruebas para corregir posibles errores, mejorar el Servicio y prestar un Servicio \u00f3ptimo al Contratante.<\/li>\n<li class=\"li1\">La elaboraci\u00f3n de an\u00e1lisis e informes internos para evaluar el resultado de distintas campa\u00f1as o promociones lanzadas por GELT PRO.<span class=\"Apple-converted-space\">\u00a0<\/span><\/li>\n<\/ol>\n<p>[\/vc_column_text][vc_empty_space][vc_column_text]<\/p>\n<p class=\"p1\"><span class=\"s1\"><b>DESTINATARIOS<\/b><\/span><\/p>\n<p class=\"p1\"><b>Encargados de Tratamiento<\/b><\/p>\n<p class=\"p1\">GELT permite el acceso a los datos personales de sus Contratantes a terceras partes con las que GELT ha establecido previamente relaciones profesionales, conocidas como Encargados de Tratamiento, que acceden a dichos datos con el objetivo de cumplir las finalidades concretas por las cuales GELT trata datos personales, establecidos en la cl\u00e1usula anterior. Estas relaciones entre GELT y sus Encargados de Tratamiento est\u00e1n reguladas y delimitadas en sus correspondientes contratos, y cumplen con todas las exigencias de las legislaciones vigentes espa\u00f1ola y europea de Protecci\u00f3n de Datos de Car\u00e1cter Personal.<br \/>\nAsimismo, GELT se asegura que sus Encargados de Tratamiento cumplen con todos los requisitos de seguridad exigidos por la legislaci\u00f3n espa\u00f1ola y europea vigente relativa a la Protecci\u00f3n de Datos de Car\u00e1cter Personal.<\/p>\n<p class=\"p1\">Los Encargados de Tratamiento ubicados fuera de la Uni\u00f3n Europea o en un tercer pa\u00eds sin el nivel de protecci\u00f3n adecuado seg\u00fan la Comisi\u00f3n Europea proporcionar\u00e1n las garant\u00edas adecuadas y en concreto se acoger\u00e1n a las Cl\u00e1usulas Contractuales tipo establecidas por la Comisi\u00f3n Europea.<\/p>\n<p class=\"p1\"><b>Cesi\u00f3n de Datos Personales a Terceros<\/b><\/p>\n<p class=\"p1\">Los datos personales del contratante podr\u00e1n ser comunicados a terceros, a efectos de cumplir con las Condiciones Generales de la Contrataci\u00f3n. Estos terceros son empresas de an\u00e1lisis de datos de consumo as\u00ed como grandes marcas de alimentaci\u00f3n de gran consumo.<span class=\"Apple-converted-space\">\u00a0<\/span><\/p>\n<p class=\"p1\">Sin perjuicio de lo anterior, le informamos que GELT PRO podr\u00e1 comunicar sus Datos Personales a las entidades de control y supervisi\u00f3n competentes y a las autoridades fiscales y judiciales, en caso de que \u00e9stas excepcionalmente lo soliciten y siempre de acuerdo con la legislaci\u00f3n vigente en todo momento en Espa\u00f1a y en Europa.<\/p>\n<p class=\"p1\">Estas organizaciones y autoridades siempre estar\u00e1n dentro de la Uni\u00f3n Europea, asegurando as\u00ed que el nivel de protecci\u00f3n de la privacidad y la confidencialidad aplicable a los Datos Personales ser\u00e1 equivalente al que se aplica por completo en su condici\u00f3n de Responsable de Tratamiento.<\/p>\n<p class=\"p1\"><b>Transferencias internacionales de datos<\/b><\/p>\n<p class=\"p1\">En los casos que proceda, y siempre de acuerdo con a legislaci\u00f3n vigente, GELT PRO podr\u00eda transferir Datos Personales a un tercero de un estado miembro no perteneciente a la Uni\u00f3n Europea o a una organizaci\u00f3n internacional, siempre que la Comisi\u00f3n Europea haya establecido que ese pa\u00eds u organizaci\u00f3n internacional no perteneciente a la Uni\u00f3n Europea ofrecen un nivel adecuado de protecci\u00f3n para sus Datos Personales.<\/p>\n<p class=\"p1\">En caso contrario, GELT PRO s\u00f3lo llevar\u00eda a cabo estas transferencias internacionales si el destinatario se acogiera a las garant\u00edas adecuadas.<\/p>\n<p>[\/vc_column_text][vc_empty_space][vc_column_text]<\/p>\n<p class=\"p1\"><span class=\"s1\"><b>TIEMPO DE CONSERVACI\u00d3N DE LOS DATOS PERSONALES<\/b><\/span><\/p>\n<p class=\"p1\">El tratamiento de los datos personales recabados por GELT PRO ser\u00e1 ejecutado \u00fanicamente en la medida y por el tiempo necesario para la prestaci\u00f3n del servicio. No obstante, GELT PRO someter\u00e1 a periodos de revisi\u00f3n los datos tratados para someter a bloqueo (y a posterior supresi\u00f3n) aquellos que ya no sean tratados o que ya no sean necesarios para la finalidad de los tratamientos.<\/p>\n<p>[\/vc_column_text][vc_empty_space][vc_column_text]<\/p>\n<p class=\"p1\"><span class=\"s1\"><b>DERECHOS<span class=\"Apple-converted-space\">\u00a0<\/span><\/b><\/span><\/p>\n<p class=\"p1\">GELT PRO le informa que puede ejercer sus derechos de acuerdo con los t\u00e9rminos establecidos en la legislaci\u00f3n vigente. Aqu\u00ed puede consultar m\u00e1s detalladamente en qu\u00e9 consisten estos derechos y c\u00f3mo ejercerlos.<\/p>\n<p class=\"p1\">Estos derechos, son: <b>de acceso<\/b>, <b>de rectificaci\u00f3n<\/b>, <b>de supresi\u00f3n, a la limitaci\u00f3n del tratamiento, a la portabilidad de datos, a formular objeciones, a no ser objeto de decisiones individualizadas automatizadas, a presentar una queja\/reclamaci\u00f3n ante una Autoridad de Control. <\/b>Para iniciar el procedimiento de ejercicio de alguno o varios de estos derechos, o puede enviar un e-mail al Delegado de Protecci\u00f3n de Datos de GELT (<a href=\"mailto:dpd@gelt.app\"><span class=\"s2\">dpd@gelt.app<\/span><\/a>).<\/p>\n<p>[\/vc_column_text][vc_empty_space][vc_column_text]<\/p>\n<p class=\"p1\"><span class=\"s1\"><b>INFORMACI\u00d3N SOBRE COOKIES<\/b><\/span><\/p>\n<p class=\"p1\">GELT utiliza cookies, que son archivos que se almacenan en la computadora del Contratante que accede al sitio web y navega a trav\u00e9s de \u00e9l y, en particular, contiene un n\u00famero que identifica de manera \u00fanica la computadora del Contratante, incluso si cambian la ubicaci\u00f3n o la direcci\u00f3n IP.<\/p>\n<p class=\"p1\">Las cookies recopilan informaci\u00f3n que puede permitirnos identificarle o su ubicaci\u00f3n, as\u00ed como guardar informaci\u00f3n sobre sus preferencias de navegaci\u00f3n para proporcionarle una experiencia m\u00e1s personal en futuras visitas al sitio web. El uso de cookies tambi\u00e9n nos permite recopilar los patrones de uso del sitio web para realizar mejoras en nuestros servicios.<br \/>\nPara obtener m\u00e1s informaci\u00f3n sobre los tipos de cookies propias y de terceros utilizadas por GELT, su configuraci\u00f3n y \/ o desactivaci\u00f3n, lea y acepte nuestra<a href=\"https:\/\/gelt.com\/es\/cookies-geltpro\/\"> Pol\u00edtica de Cookies<\/a><\/p>\n<p>[\/vc_column_text][vc_empty_space][vc_column_text]<\/p>\n<p class=\"p1\"><span class=\"s1\"><b>CAMBIOS Y ACTUALIZACIONES DE LA POL\u00cdTICA DE PRIVACIDAD<\/b><\/span><\/p>\n<p class=\"p1\">Esta Pol\u00edtica de Privacidad est\u00e1 vigente a partir de la fecha de vigencia establecida anteriormente. GELT PRO se reserva el derecho de cambiar esta Pol\u00edtica de Privacidad siempre de conformidad con las leyes aplicables relativas a la Protecci\u00f3n de Datos en Espa\u00f1a y en Europa. Si hacemos cambios a esta Pol\u00edtica de Privacidad, le notificaremos a trav\u00e9s de un aviso en nuestra p\u00e1gina web o tambi\u00e9n, si procede, a trav\u00e9s de una comunicaci\u00f3n v\u00eda e-mail o notificaci\u00f3n en su \u00e1rea de Contratante.<br \/>\nEn cualquier caso, en el encabezamiento de esta Pol\u00edtica de Privacidad constar\u00e1 la fecha de la \u00faltima actualizaci\u00f3n.<br \/>\nAl continuar accediendo o utilizando los servicios de GELT despu\u00e9s de efectuados dichos cambios o actualizaciones, el Contratante estar sujeto a la Pol\u00edtica de Privacidad revisada.<\/p>\n<p>[\/vc_column_text][vc_empty_space][vc_column_text]<\/p>\n<p class=\"p1\"><span class=\"s1\"><b>CONTACTO<\/b><\/span><\/p>\n<p class=\"p1\">Si tiene dudas sobre esta Pol\u00edtica de Privacidad o sobre el uso de sus datos personales, o si desea corregir o eliminar datos, por favor, env\u00ede un correo electr\u00f3nico a\u00a0<b>hola@gelt.app<\/b>\u00a0o a\u00a0<b>dpd@gelt.app<\/b><\/p>\n<p>[\/vc_column_text][\/vc_column][\/vc_row]<\/p>\n","protected":false},"excerpt":{"rendered":"<p>[vc_row row_show_on=\u00bbhide_mobile_portrait\u00bb][vc_column][vc_empty_space][vc_empty_space][vc_column_text] GELT PRO [\/vc_column_text][vc_empty_space height=\u00bb8px\u00bb][vc_column_text] POL\u00cdTICA DE PRIVACIDAD [\/vc_column_text][vc_empty_space][vc_column_text] Fecha de actualizaci\u00f3n 15 abril de 2022 [\/vc_column_text][vc_empty_space][vc_empty_space][vc_column_text] RESPONSABLE DEL TRATAMIENTO DE DATOS DE CAR\u00c1CTER PERSONAL El Responsable de Tratamiento de Datos de Car\u00e1cter Personal es la entidad mercantil \u201cDINERO GELT S.L.\u201d (en adelante \u201cGELT PRO\u201d o \u201cel Responsable\u201d), provista del CIF B87368692 y con domicilio social en la calle Arturo Soria, 97-A. 28027, Madrid, inscrita en el Registro Mercantil de Madrid en la Hoja&#8230;  <\/p>\n<div class=\"read-more\"><a class=\"excerpt-read-more\" href=\"https:\/\/gelt.com\/es\/politica-de-privacidad-geltpro\/\" title=\"Continue reading POLITICA DE PRIVACIDAD GELTPRO\">Read more<i class=\"fa fa-angle-right\"><\/i><\/a><\/div>\n","protected":false},"author":20,"featured_media":0,"parent":0,"menu_order":0,"comment_status":"closed","ping_status":"closed","template":"","meta":{"content-type":"","footnotes":""},"yoast_head":"<!-- This site is optimized with the Yoast SEO plugin v21.9.1 - https:\/\/yoast.com\/wordpress\/plugins\/seo\/ -->\n<title>POLITICA DE PRIVACIDAD GELTPRO - Gelt Espa\u00f1a<\/title>\n<meta name=\"robots\" content=\"index, follow, max-snippet:-1, max-image-preview:large, max-video-preview:-1\" \/>\n<link rel=\"canonical\" href=\"https:\/\/gelt.com\/es\/politica-de-privacidad-geltpro\/\" \/>\n<meta property=\"og:locale\" content=\"es_ES\" \/>\n<meta property=\"og:type\" content=\"article\" \/>\n<meta property=\"og:title\" content=\"POLITICA DE PRIVACIDAD GELTPRO - Gelt Espa\u00f1a\" \/>\n<meta property=\"og:description\" content=\"[vc_row row_show_on=\u00bbhide_mobile_portrait\u00bb][vc_column][vc_empty_space][vc_empty_space][vc_column_text] GELT PRO [\/vc_column_text][vc_empty_space height=\u00bb8px\u00bb][vc_column_text] POL\u00cdTICA DE PRIVACIDAD [\/vc_column_text][vc_empty_space][vc_column_text] Fecha de actualizaci\u00f3n 15 abril de 2022 [\/vc_column_text][vc_empty_space][vc_empty_space][vc_column_text] RESPONSABLE DEL TRATAMIENTO DE DATOS DE CAR\u00c1CTER PERSONAL El Responsable de Tratamiento de Datos de Car\u00e1cter Personal es la entidad mercantil \u201cDINERO GELT S.L.\u201d (en adelante \u201cGELT PRO\u201d o \u201cel Responsable\u201d), provista del CIF B87368692 y con domicilio social en la calle Arturo Soria, 97-A. 28027, Madrid, inscrita en el Registro Mercantil de Madrid en la Hoja... Read more\" \/>\n<meta property=\"og:url\" content=\"https:\/\/gelt.com\/es\/politica-de-privacidad-geltpro\/\" \/>\n<meta property=\"og:site_name\" content=\"Gelt Espa\u00f1a\" \/>\n<meta property=\"article:modified_time\" content=\"2022-04-07T08:50:49+00:00\" \/>\n<meta name=\"twitter:card\" content=\"summary_large_image\" \/>\n<meta name=\"twitter:label1\" content=\"Tiempo de lectura\" \/>\n\t<meta name=\"twitter:data1\" content=\"7 minutos\" \/>\n<script type=\"application\/ld+json\" class=\"yoast-schema-graph\">{\"@context\":\"https:\/\/schema.org\",\"@graph\":[{\"@type\":\"WebPage\",\"@id\":\"https:\/\/gelt.com\/es\/politica-de-privacidad-geltpro\/\",\"url\":\"https:\/\/gelt.com\/es\/politica-de-privacidad-geltpro\/\",\"name\":\"POLITICA DE PRIVACIDAD GELTPRO - Gelt Espa\u00f1a\",\"isPartOf\":{\"@id\":\"https:\/\/gelt.com\/es\/#website\"},\"datePublished\":\"2022-04-06T14:15:35+00:00\",\"dateModified\":\"2022-04-07T08:50:49+00:00\",\"breadcrumb\":{\"@id\":\"https:\/\/gelt.com\/es\/politica-de-privacidad-geltpro\/#breadcrumb\"},\"inLanguage\":\"es\",\"potentialAction\":[{\"@type\":\"ReadAction\",\"target\":[\"https:\/\/gelt.com\/es\/politica-de-privacidad-geltpro\/\"]}]},{\"@type\":\"BreadcrumbList\",\"@id\":\"https:\/\/gelt.com\/es\/politica-de-privacidad-geltpro\/#breadcrumb\",\"itemListElement\":[{\"@type\":\"ListItem\",\"position\":1,\"name\":\"Portada\",\"item\":\"https:\/\/gelt.com\/es\/\"},{\"@type\":\"ListItem\",\"position\":2,\"name\":\"POLITICA DE PRIVACIDAD GELTPRO\"}]},{\"@type\":\"WebSite\",\"@id\":\"https:\/\/gelt.com\/es\/#website\",\"url\":\"https:\/\/gelt.com\/es\/\",\"name\":\"Gelt Espa\u00f1a\",\"description\":\"Gelt - Dinero que vuelve\",\"potentialAction\":[{\"@type\":\"SearchAction\",\"target\":{\"@type\":\"EntryPoint\",\"urlTemplate\":\"https:\/\/gelt.com\/es\/?s={search_term_string}\"},\"query-input\":\"required name=search_term_string\"}],\"inLanguage\":\"es\"}]}<\/script>\n<!-- \/ Yoast SEO plugin. -->","yoast_head_json":{"title":"POLITICA DE PRIVACIDAD GELTPRO - Gelt Espa\u00f1a","robots":{"index":"index","follow":"follow","max-snippet":"max-snippet:-1","max-image-preview":"max-image-preview:large","max-video-preview":"max-video-preview:-1"},"canonical":"https:\/\/gelt.com\/es\/politica-de-privacidad-geltpro\/","og_locale":"es_ES","og_type":"article","og_title":"POLITICA DE PRIVACIDAD GELTPRO - Gelt Espa\u00f1a","og_description":"[vc_row row_show_on=\u00bbhide_mobile_portrait\u00bb][vc_column][vc_empty_space][vc_empty_space][vc_column_text] GELT PRO [\/vc_column_text][vc_empty_space height=\u00bb8px\u00bb][vc_column_text] POL\u00cdTICA DE PRIVACIDAD [\/vc_column_text][vc_empty_space][vc_column_text] Fecha de actualizaci\u00f3n 15 abril de 2022 [\/vc_column_text][vc_empty_space][vc_empty_space][vc_column_text] RESPONSABLE DEL TRATAMIENTO DE DATOS DE CAR\u00c1CTER PERSONAL El Responsable de Tratamiento de Datos de Car\u00e1cter Personal es la entidad mercantil \u201cDINERO GELT S.L.\u201d (en adelante \u201cGELT PRO\u201d o \u201cel Responsable\u201d), provista del CIF B87368692 y con domicilio social en la calle Arturo Soria, 97-A. 28027, Madrid, inscrita en el Registro Mercantil de Madrid en la Hoja... Read more","og_url":"https:\/\/gelt.com\/es\/politica-de-privacidad-geltpro\/","og_site_name":"Gelt Espa\u00f1a","article_modified_time":"2022-04-07T08:50:49+00:00","twitter_card":"summary_large_image","twitter_misc":{"Tiempo de lectura":"7 minutos"},"schema":{"@context":"https:\/\/schema.org","@graph":[{"@type":"WebPage","@id":"https:\/\/gelt.com\/es\/politica-de-privacidad-geltpro\/","url":"https:\/\/gelt.com\/es\/politica-de-privacidad-geltpro\/","name":"POLITICA DE PRIVACIDAD GELTPRO - Gelt Espa\u00f1a","isPartOf":{"@id":"https:\/\/gelt.com\/es\/#website"},"datePublished":"2022-04-06T14:15:35+00:00","dateModified":"2022-04-07T08:50:49+00:00","breadcrumb":{"@id":"https:\/\/gelt.com\/es\/politica-de-privacidad-geltpro\/#breadcrumb"},"inLanguage":"es","potentialAction":[{"@type":"ReadAction","target":["https:\/\/gelt.com\/es\/politica-de-privacidad-geltpro\/"]}]},{"@type":"BreadcrumbList","@id":"https:\/\/gelt.com\/es\/politica-de-privacidad-geltpro\/#breadcrumb","itemListElement":[{"@type":"ListItem","position":1,"name":"Portada","item":"https:\/\/gelt.com\/es\/"},{"@type":"ListItem","position":2,"name":"POLITICA DE PRIVACIDAD GELTPRO"}]},{"@type":"WebSite","@id":"https:\/\/gelt.com\/es\/#website","url":"https:\/\/gelt.com\/es\/","name":"Gelt Espa\u00f1a","description":"Gelt - Dinero que vuelve","potentialAction":[{"@type":"SearchAction","target":{"@type":"EntryPoint","urlTemplate":"https:\/\/gelt.com\/es\/?s={search_term_string}"},"query-input":"required name=search_term_string"}],"inLanguage":"es"}]}},"_links":{"self":[{"href":"https:\/\/gelt.com\/es\/wp-json\/wp\/v2\/pages\/141261"}],"collection":[{"href":"https:\/\/gelt.com\/es\/wp-json\/wp\/v2\/pages"}],"about":[{"href":"https:\/\/gelt.com\/es\/wp-json\/wp\/v2\/types\/page"}],"author":[{"embeddable":true,"href":"https:\/\/gelt.com\/es\/wp-json\/wp\/v2\/users\/20"}],"replies":[{"embeddable":true,"href":"https:\/\/gelt.com\/es\/wp-json\/wp\/v2\/comments?post=141261"}],"version-history":[{"count":4,"href":"https:\/\/gelt.com\/es\/wp-json\/wp\/v2\/pages\/141261\/revisions"}],"predecessor-version":[{"id":141300,"href":"https:\/\/gelt.com\/es\/wp-json\/wp\/v2\/pages\/141261\/revisions\/141300"}],"wp:attachment":[{"href":"https:\/\/gelt.com\/es\/wp-json\/wp\/v2\/media?parent=141261"}],"curies":[{"name":"wp","href":"https:\/\/api.w.org\/{rel}","templated":true}]}}