{"id":149967,"date":"2025-02-27T13:17:39","date_gmt":"2025-02-27T12:17:39","guid":{"rendered":"https:\/\/gelt.com\/es\/?page_id=149967"},"modified":"2025-02-27T13:17:39","modified_gmt":"2025-02-27T12:17:39","slug":"consentimiento-e-informacion-en-relacion-con-el-tratamiento-de-datos-de-caracter-personal-para-la-campana-pato-edicion-limitada","status":"publish","type":"page","link":"https:\/\/gelt.com\/es\/bases-legales\/consentimiento-e-informacion-en-relacion-con-el-tratamiento-de-datos-de-caracter-personal-para-la-campana-pato-edicion-limitada\/","title":{"rendered":"CONSENTIMIENTO E INFORMACI\u00d3N EN RELACI\u00d3N CON EL TRATAMIENTO DE DATOS DE CAR\u00c1CTER PERSONAL PARA LA CAMPA\u00d1A PATO EDICI\u00d3N LIMITADA"},"content":{"rendered":"<p>[vc_row top=\u00bb80px\u00bb bottom=\u00bb40px\u00bb content_fadeout=\u00bbcontent-fadeout\u00bb content_placement=\u00bbmiddle\u00bb textalign=\u00bbcenter\u00bb row_seperator=\u00bbno-seperator\u00bb font_color=\u00bb#ffffff\u00bb bg_color=\u00bb#ff344c\u00bb][vc_column width=\u00bb2\/3&#8243;][vc_heading h_size=\u00bbh-extralarge\u00bb title=\u00bbCONSENTIMIENTO E INFORMACI\u00d3N EN RELACI\u00d3N CON EL TRATAMIENTO DE DATOS DE CAR\u00c1CTER PERSONAL PARA LA CAMPA\u00d1A PATO EDICI\u00d3N LIMITADA\u00bb title_color=\u00bb#ffffff\u00bb subtitle_color=\u00bb#ffffff\u00bb alignment=\u00bbalign-left\u00bb][\/vc_column][vc_column width=\u00bb1\/3&#8243;][vc_single_image image=\u00bb148099&#8243; img_size=\u00bb240&#215;240&#8243;][\/vc_column][\/vc_row][vc_row][vc_column][vc_column_text]<b>Responsable:<\/b><span style=\"font-weight: 400;\"> \u201cJOHNSON\u2019S WAX ESPA\u00d1OLA, S.L.\u201d con domicilio en la calle Quintanavides, 17, P. Empresarial V\u00eda Norte Edif III 4\u00aa planta, 28050 Madrid, y CIF n\u00famero B-28128890.<\/span><\/p>\n<p>&nbsp;<\/p>\n<p><b>Finalidad del tratamiento:<\/b><span style=\"font-weight: 400;\"> JOHNSON\u2019S WAX ESPA\u00d1OLA, S.L. tratar\u00e1 los datos personales facilitados por los participantes, con las siguientes finalidades principales:<\/span><\/p>\n<p>&nbsp;<\/p>\n<p><span style=\"font-weight: 400;\">\u2010 Gestionar su participaci\u00f3n en la promoci\u00f3n (incluyendo, a t\u00edtulo enunciativo, pero no limitativo, comprobar que los ganadores cumplen las condiciones de participaci\u00f3n y gestionar la entrega de los premios a los ganadores).<\/span><\/p>\n<p>&nbsp;<\/p>\n<p><span style=\"font-weight: 400;\">&#8211; Conocer la experiencia de compra de los consumidores del producto promocionado.<\/span><\/p>\n<p>&nbsp;<\/p>\n<p><span style=\"font-weight: 400;\">\u2010 Utilizar su nombre, apellidos y\/o imagen en el marco de la publicaci\u00f3n de su condici\u00f3n de ganador o en cualquier actividad publicitaria o promocional.<\/span><\/p>\n<p>&nbsp;<\/p>\n<p><b>Datos recabados:\u00a0<\/b><\/p>\n<p>&nbsp;<\/p>\n<ul>\n<li style=\"font-weight: 400;\" aria-level=\"1\"><span style=\"font-weight: 400;\">Nombre<\/span><\/li>\n<li style=\"font-weight: 400;\" aria-level=\"1\"><span style=\"font-weight: 400;\">Apellidos<\/span><\/li>\n<li style=\"font-weight: 400;\" aria-level=\"1\"><span style=\"font-weight: 400;\">Edad<\/span><\/li>\n<li style=\"font-weight: 400;\" aria-level=\"1\"><span style=\"font-weight: 400;\">Direcci\u00f3n<\/span><\/li>\n<li style=\"font-weight: 400;\" aria-level=\"1\"><span style=\"font-weight: 400;\">Sexo<\/span><\/li>\n<li style=\"font-weight: 400;\" aria-level=\"1\"><span style=\"font-weight: 400;\">Email<\/span><\/li>\n<li style=\"font-weight: 400;\" aria-level=\"1\"><span style=\"font-weight: 400;\">n\u00famero de tel\u00e9fono<\/span><\/li>\n<li style=\"font-weight: 400;\" aria-level=\"1\"><span style=\"font-weight: 400;\">N\u00famero de DNI<\/span><\/li>\n<\/ul>\n<p>&nbsp;<\/p>\n<p><b>Legitimaci\u00f3n:<\/b><span style=\"font-weight: 400;\"> la base legal para el tratamiento de los datos de los participantes es la ejecuci\u00f3n de estas bases legales.<\/span><\/p>\n<p>&nbsp;<\/p>\n<p><b>Destinatarios:<\/b><span style=\"font-weight: 400;\"> JOHNSON\u2019S WAX ESPA\u00d1OLA, S.L. podr\u00e1 comunicar sus datos para el cumplimiento de las obligaciones legales que en cada caso correspondan.<\/span><\/p>\n<p>&nbsp;<\/p>\n<p><span style=\"font-weight: 400;\">Adicionalmente, el titular de los datos autoriza expresamente a que los datos personales que facilite puedan ser comunicados, a la entidad DINERO GELT, S.L., (en adelante GELT), sociedad domiciliada en la Calle Arturo Soria 97-A, 28027, Madrid con CIF B-87368692, como entidad colaboradora de JOHNSON\u2019S WAX ESPA\u00d1OLA, S.L., en la gesti\u00f3n de la presente promoci\u00f3n. GELT tendr\u00e1 acceso y tratar\u00e1 los datos de car\u00e1cter personal de los participantes en calidad de encargado del tratamiento de los mismos, con la finalidad de gestionar la participaci\u00f3n de los participantes en la presente promoci\u00f3n y entregarle los premios en caso de que usted resultase ganador.<\/span><\/p>\n<p>&nbsp;<\/p>\n<p><b>Plazo de conservaci\u00f3n:<\/b><span style=\"font-weight: 400;\"> JOHNSON\u2019S WAX ESPA\u00d1OLA, S.L. conservar\u00e1 los datos de los participantes mientras dure la presente promoci\u00f3n y en cualquier caso mientras no se solicite su supresi\u00f3n, as\u00ed como el tiempo necesario para dar cumplimiento a las obligaciones legales que en cada caso correspondan acorde con cada tipolog\u00eda de datos.<\/span><\/p>\n<p>&nbsp;<\/p>\n<p><b>Ejercicio de derechos:<\/b><span style=\"font-weight: 400;\"> en cualquier momento, los participantes tienen derecho a ejercer sus derechos de acceso, rectificaci\u00f3n y supresi\u00f3n, limitaci\u00f3n del tratamiento, portabilidad, oposici\u00f3n, mediante petici\u00f3n escrita a la siguiente direcci\u00f3n postal del responsable del tratamiento: JOHNSON\u2019S WAX ESPA\u00d1OLA, S.L. con domicilio en la calle Quintanavides, 17, P. Empresarial V\u00eda Norte Edif III 4\u00aa planta, 28050 Madrid, y\/o direcci\u00f3n de correo electr\u00f3nico: <\/span><a href=\"mailto:RECEPCION@scj.com\"><span style=\"font-weight: 400;\">RECEPCION@scj.com<\/span><\/a><span style=\"font-weight: 400;\">.<\/span><\/p>\n<p>&nbsp;<\/p>\n<p><span style=\"font-weight: 400;\">En todo caso, los participantes quedan informado de que la revocaci\u00f3n de su consentimiento otorgado para el tratamiento de sus datos durante la vigencia de la promoci\u00f3n comportar\u00e1 la imposibilidad de seguir participando en la misma.<\/span><\/p>\n<p>&nbsp;<\/p>\n<p><b>Presentaci\u00f3n de reclamaciones:<\/b><span style=\"font-weight: 400;\"> si los participantes consideran que JOHNSON\u2019S WAX ESPA\u00d1OLA, S.L. no ha tratado sus datos personales de conformidad con la normativa aplicable, podr\u00e1 presentar una reclamaci\u00f3n frente a la autoridad de control competente, a trav\u00e9s de la p\u00e1gina web <\/span><a href=\"http:\/\/www.agpd.es\"><span style=\"font-weight: 400;\">www.agpd.es<\/span><\/a><span style=\"font-weight: 400;\">\u00a0\u00a0<\/span><\/p>\n<p>[\/vc_column_text][\/vc_column][\/vc_row]<\/p>\n","protected":false},"excerpt":{"rendered":"<p>[vc_row top=\u00bb80px\u00bb bottom=\u00bb40px\u00bb content_fadeout=\u00bbcontent-fadeout\u00bb content_placement=\u00bbmiddle\u00bb textalign=\u00bbcenter\u00bb row_seperator=\u00bbno-seperator\u00bb font_color=\u00bb#ffffff\u00bb bg_color=\u00bb#ff344c\u00bb][vc_column width=\u00bb2\/3&#8243;][vc_heading h_size=\u00bbh-extralarge\u00bb title=\u00bbCONSENTIMIENTO E INFORMACI\u00d3N EN RELACI\u00d3N CON EL TRATAMIENTO DE DATOS DE CAR\u00c1CTER PERSONAL PARA LA CAMPA\u00d1A PATO EDICI\u00d3N LIMITADA\u00bb title_color=\u00bb#ffffff\u00bb subtitle_color=\u00bb#ffffff\u00bb alignment=\u00bbalign-left\u00bb][\/vc_column][vc_column width=\u00bb1\/3&#8243;][vc_single_image image=\u00bb148099&#8243; img_size=\u00bb240&#215;240&#8243;][\/vc_column][\/vc_row][vc_row][vc_column][vc_column_text]Responsable: \u201cJOHNSON\u2019S WAX ESPA\u00d1OLA, S.L.\u201d con domicilio en la calle Quintanavides, 17, P. Empresarial V\u00eda Norte Edif III 4\u00aa planta, 28050 Madrid, y CIF n\u00famero B-28128890. &nbsp; Finalidad del tratamiento: JOHNSON\u2019S WAX ESPA\u00d1OLA, S.L. tratar\u00e1 los datos personales facilitados por&#8230;  <\/p>\n<div class=\"read-more\"><a class=\"excerpt-read-more\" href=\"https:\/\/gelt.com\/es\/bases-legales\/consentimiento-e-informacion-en-relacion-con-el-tratamiento-de-datos-de-caracter-personal-para-la-campana-pato-edicion-limitada\/\" title=\"Continue reading CONSENTIMIENTO E INFORMACI\u00d3N EN RELACI\u00d3N CON EL TRATAMIENTO DE DATOS DE CAR\u00c1CTER PERSONAL PARA LA CAMPA\u00d1A PATO EDICI\u00d3N LIMITADA\">Read more<i class=\"fa fa-angle-right\"><\/i><\/a><\/div>\n","protected":false},"author":126,"featured_media":0,"parent":144241,"menu_order":0,"comment_status":"closed","ping_status":"closed","template":"page-full-width.php","meta":{"content-type":"","footnotes":""},"yoast_head":"<!-- This site is optimized with the Yoast SEO plugin v21.9.1 - https:\/\/yoast.com\/wordpress\/plugins\/seo\/ -->\n<title>Bases Legales CONSENTIMIENTO E INFORMACI\u00d3N EN RELACI\u00d3N CON EL TRATAMIENTO DE DATOS DE CAR\u00c1CTER PERSONAL PARA LA CAMPA\u00d1A PATO EDICI\u00d3N LIMITADA - Gelt Espa\u00f1a<\/title>\n<meta name=\"robots\" content=\"index, follow, max-snippet:-1, max-image-preview:large, max-video-preview:-1\" \/>\n<link rel=\"canonical\" href=\"https:\/\/gelt.com\/es\/bases-legales\/consentimiento-e-informacion-en-relacion-con-el-tratamiento-de-datos-de-caracter-personal-para-la-campana-pato-edicion-limitada\/\" \/>\n<meta property=\"og:locale\" content=\"es_ES\" \/>\n<meta property=\"og:type\" content=\"article\" \/>\n<meta property=\"og:title\" content=\"Bases Legales CONSENTIMIENTO E INFORMACI\u00d3N EN RELACI\u00d3N CON EL TRATAMIENTO DE DATOS DE CAR\u00c1CTER PERSONAL PARA LA CAMPA\u00d1A PATO EDICI\u00d3N LIMITADA - Gelt Espa\u00f1a\" \/>\n<meta property=\"og:description\" content=\"[vc_row top=\u00bb80px\u00bb bottom=\u00bb40px\u00bb content_fadeout=\u00bbcontent-fadeout\u00bb content_placement=\u00bbmiddle\u00bb textalign=\u00bbcenter\u00bb row_seperator=\u00bbno-seperator\u00bb font_color=\u00bb#ffffff\u00bb bg_color=\u00bb#ff344c\u00bb][vc_column width=\u00bb2\/3&#8243;][vc_heading h_size=\u00bbh-extralarge\u00bb title=\u00bbCONSENTIMIENTO E INFORMACI\u00d3N EN RELACI\u00d3N CON EL TRATAMIENTO DE DATOS DE CAR\u00c1CTER PERSONAL PARA LA CAMPA\u00d1A PATO EDICI\u00d3N LIMITADA\u00bb title_color=\u00bb#ffffff\u00bb subtitle_color=\u00bb#ffffff\u00bb alignment=\u00bbalign-left\u00bb][\/vc_column][vc_column width=\u00bb1\/3&#8243;][vc_single_image image=\u00bb148099&#8243; img_size=\u00bb240&#215;240&#8243;][\/vc_column][\/vc_row][vc_row][vc_column][vc_column_text]Responsable: \u201cJOHNSON\u2019S WAX ESPA\u00d1OLA, S.L.\u201d con domicilio en la calle Quintanavides, 17, P. Empresarial V\u00eda Norte Edif III 4\u00aa planta, 28050 Madrid, y CIF n\u00famero B-28128890. &nbsp; Finalidad del tratamiento: JOHNSON\u2019S WAX ESPA\u00d1OLA, S.L. tratar\u00e1 los datos personales facilitados por... Read more\" \/>\n<meta property=\"og:url\" content=\"https:\/\/gelt.com\/es\/bases-legales\/consentimiento-e-informacion-en-relacion-con-el-tratamiento-de-datos-de-caracter-personal-para-la-campana-pato-edicion-limitada\/\" \/>\n<meta property=\"og:site_name\" content=\"Gelt Espa\u00f1a\" \/>\n<meta name=\"twitter:card\" content=\"summary_large_image\" \/>\n<meta name=\"twitter:label1\" content=\"Tiempo de lectura\" \/>\n\t<meta name=\"twitter:data1\" content=\"3 minutos\" \/>\n<script type=\"application\/ld+json\" class=\"yoast-schema-graph\">{\"@context\":\"https:\/\/schema.org\",\"@graph\":[{\"@type\":\"WebPage\",\"@id\":\"https:\/\/gelt.com\/es\/bases-legales\/consentimiento-e-informacion-en-relacion-con-el-tratamiento-de-datos-de-caracter-personal-para-la-campana-pato-edicion-limitada\/\",\"url\":\"https:\/\/gelt.com\/es\/bases-legales\/consentimiento-e-informacion-en-relacion-con-el-tratamiento-de-datos-de-caracter-personal-para-la-campana-pato-edicion-limitada\/\",\"name\":\"Bases Legales CONSENTIMIENTO E INFORMACI\u00d3N EN RELACI\u00d3N CON EL TRATAMIENTO DE DATOS DE CAR\u00c1CTER PERSONAL PARA LA CAMPA\u00d1A PATO EDICI\u00d3N LIMITADA - Gelt Espa\u00f1a\",\"isPartOf\":{\"@id\":\"https:\/\/gelt.com\/es\/#website\"},\"datePublished\":\"2025-02-27T12:17:39+00:00\",\"dateModified\":\"2025-02-27T12:17:39+00:00\",\"breadcrumb\":{\"@id\":\"https:\/\/gelt.com\/es\/bases-legales\/consentimiento-e-informacion-en-relacion-con-el-tratamiento-de-datos-de-caracter-personal-para-la-campana-pato-edicion-limitada\/#breadcrumb\"},\"inLanguage\":\"es\",\"potentialAction\":[{\"@type\":\"ReadAction\",\"target\":[\"https:\/\/gelt.com\/es\/bases-legales\/consentimiento-e-informacion-en-relacion-con-el-tratamiento-de-datos-de-caracter-personal-para-la-campana-pato-edicion-limitada\/\"]}]},{\"@type\":\"BreadcrumbList\",\"@id\":\"https:\/\/gelt.com\/es\/bases-legales\/consentimiento-e-informacion-en-relacion-con-el-tratamiento-de-datos-de-caracter-personal-para-la-campana-pato-edicion-limitada\/#breadcrumb\",\"itemListElement\":[{\"@type\":\"ListItem\",\"position\":1,\"name\":\"Portada\",\"item\":\"https:\/\/gelt.com\/es\/\"},{\"@type\":\"ListItem\",\"position\":2,\"name\":\"BASES Y CONDICIONES LEGALES\",\"item\":\"https:\/\/gelt.com\/es\/bases-legales\/\"},{\"@type\":\"ListItem\",\"position\":3,\"name\":\"CONSENTIMIENTO E INFORMACI\u00d3N EN RELACI\u00d3N CON EL TRATAMIENTO DE DATOS DE CAR\u00c1CTER PERSONAL PARA LA CAMPA\u00d1A PATO EDICI\u00d3N LIMITADA\"}]},{\"@type\":\"WebSite\",\"@id\":\"https:\/\/gelt.com\/es\/#website\",\"url\":\"https:\/\/gelt.com\/es\/\",\"name\":\"Gelt Espa\u00f1a\",\"description\":\"Gelt - Dinero que vuelve\",\"potentialAction\":[{\"@type\":\"SearchAction\",\"target\":{\"@type\":\"EntryPoint\",\"urlTemplate\":\"https:\/\/gelt.com\/es\/?s={search_term_string}\"},\"query-input\":\"required name=search_term_string\"}],\"inLanguage\":\"es\"}]}<\/script>\n<!-- \/ Yoast SEO plugin. -->","yoast_head_json":{"title":"Bases Legales CONSENTIMIENTO E INFORMACI\u00d3N EN RELACI\u00d3N CON EL TRATAMIENTO DE DATOS DE CAR\u00c1CTER PERSONAL PARA LA CAMPA\u00d1A PATO EDICI\u00d3N LIMITADA - Gelt Espa\u00f1a","robots":{"index":"index","follow":"follow","max-snippet":"max-snippet:-1","max-image-preview":"max-image-preview:large","max-video-preview":"max-video-preview:-1"},"canonical":"https:\/\/gelt.com\/es\/bases-legales\/consentimiento-e-informacion-en-relacion-con-el-tratamiento-de-datos-de-caracter-personal-para-la-campana-pato-edicion-limitada\/","og_locale":"es_ES","og_type":"article","og_title":"Bases Legales CONSENTIMIENTO E INFORMACI\u00d3N EN RELACI\u00d3N CON EL TRATAMIENTO DE DATOS DE CAR\u00c1CTER PERSONAL PARA LA CAMPA\u00d1A PATO EDICI\u00d3N LIMITADA - Gelt Espa\u00f1a","og_description":"[vc_row top=\u00bb80px\u00bb bottom=\u00bb40px\u00bb content_fadeout=\u00bbcontent-fadeout\u00bb content_placement=\u00bbmiddle\u00bb textalign=\u00bbcenter\u00bb row_seperator=\u00bbno-seperator\u00bb font_color=\u00bb#ffffff\u00bb bg_color=\u00bb#ff344c\u00bb][vc_column width=\u00bb2\/3&#8243;][vc_heading h_size=\u00bbh-extralarge\u00bb title=\u00bbCONSENTIMIENTO E INFORMACI\u00d3N EN RELACI\u00d3N CON EL TRATAMIENTO DE DATOS DE CAR\u00c1CTER PERSONAL PARA LA CAMPA\u00d1A PATO EDICI\u00d3N LIMITADA\u00bb title_color=\u00bb#ffffff\u00bb subtitle_color=\u00bb#ffffff\u00bb alignment=\u00bbalign-left\u00bb][\/vc_column][vc_column width=\u00bb1\/3&#8243;][vc_single_image image=\u00bb148099&#8243; img_size=\u00bb240&#215;240&#8243;][\/vc_column][\/vc_row][vc_row][vc_column][vc_column_text]Responsable: \u201cJOHNSON\u2019S WAX ESPA\u00d1OLA, S.L.\u201d con domicilio en la calle Quintanavides, 17, P. Empresarial V\u00eda Norte Edif III 4\u00aa planta, 28050 Madrid, y CIF n\u00famero B-28128890. &nbsp; Finalidad del tratamiento: JOHNSON\u2019S WAX ESPA\u00d1OLA, S.L. tratar\u00e1 los datos personales facilitados por... Read more","og_url":"https:\/\/gelt.com\/es\/bases-legales\/consentimiento-e-informacion-en-relacion-con-el-tratamiento-de-datos-de-caracter-personal-para-la-campana-pato-edicion-limitada\/","og_site_name":"Gelt Espa\u00f1a","twitter_card":"summary_large_image","twitter_misc":{"Tiempo de lectura":"3 minutos"},"schema":{"@context":"https:\/\/schema.org","@graph":[{"@type":"WebPage","@id":"https:\/\/gelt.com\/es\/bases-legales\/consentimiento-e-informacion-en-relacion-con-el-tratamiento-de-datos-de-caracter-personal-para-la-campana-pato-edicion-limitada\/","url":"https:\/\/gelt.com\/es\/bases-legales\/consentimiento-e-informacion-en-relacion-con-el-tratamiento-de-datos-de-caracter-personal-para-la-campana-pato-edicion-limitada\/","name":"Bases Legales CONSENTIMIENTO E INFORMACI\u00d3N EN RELACI\u00d3N CON EL TRATAMIENTO DE DATOS DE CAR\u00c1CTER PERSONAL PARA LA CAMPA\u00d1A PATO EDICI\u00d3N LIMITADA - Gelt Espa\u00f1a","isPartOf":{"@id":"https:\/\/gelt.com\/es\/#website"},"datePublished":"2025-02-27T12:17:39+00:00","dateModified":"2025-02-27T12:17:39+00:00","breadcrumb":{"@id":"https:\/\/gelt.com\/es\/bases-legales\/consentimiento-e-informacion-en-relacion-con-el-tratamiento-de-datos-de-caracter-personal-para-la-campana-pato-edicion-limitada\/#breadcrumb"},"inLanguage":"es","potentialAction":[{"@type":"ReadAction","target":["https:\/\/gelt.com\/es\/bases-legales\/consentimiento-e-informacion-en-relacion-con-el-tratamiento-de-datos-de-caracter-personal-para-la-campana-pato-edicion-limitada\/"]}]},{"@type":"BreadcrumbList","@id":"https:\/\/gelt.com\/es\/bases-legales\/consentimiento-e-informacion-en-relacion-con-el-tratamiento-de-datos-de-caracter-personal-para-la-campana-pato-edicion-limitada\/#breadcrumb","itemListElement":[{"@type":"ListItem","position":1,"name":"Portada","item":"https:\/\/gelt.com\/es\/"},{"@type":"ListItem","position":2,"name":"BASES Y CONDICIONES LEGALES","item":"https:\/\/gelt.com\/es\/bases-legales\/"},{"@type":"ListItem","position":3,"name":"CONSENTIMIENTO E INFORMACI\u00d3N EN RELACI\u00d3N CON EL TRATAMIENTO DE DATOS DE CAR\u00c1CTER PERSONAL PARA LA CAMPA\u00d1A PATO EDICI\u00d3N LIMITADA"}]},{"@type":"WebSite","@id":"https:\/\/gelt.com\/es\/#website","url":"https:\/\/gelt.com\/es\/","name":"Gelt Espa\u00f1a","description":"Gelt - Dinero que vuelve","potentialAction":[{"@type":"SearchAction","target":{"@type":"EntryPoint","urlTemplate":"https:\/\/gelt.com\/es\/?s={search_term_string}"},"query-input":"required name=search_term_string"}],"inLanguage":"es"}]}},"_links":{"self":[{"href":"https:\/\/gelt.com\/es\/wp-json\/wp\/v2\/pages\/149967"}],"collection":[{"href":"https:\/\/gelt.com\/es\/wp-json\/wp\/v2\/pages"}],"about":[{"href":"https:\/\/gelt.com\/es\/wp-json\/wp\/v2\/types\/page"}],"author":[{"embeddable":true,"href":"https:\/\/gelt.com\/es\/wp-json\/wp\/v2\/users\/126"}],"replies":[{"embeddable":true,"href":"https:\/\/gelt.com\/es\/wp-json\/wp\/v2\/comments?post=149967"}],"version-history":[{"count":1,"href":"https:\/\/gelt.com\/es\/wp-json\/wp\/v2\/pages\/149967\/revisions"}],"predecessor-version":[{"id":149968,"href":"https:\/\/gelt.com\/es\/wp-json\/wp\/v2\/pages\/149967\/revisions\/149968"}],"up":[{"embeddable":true,"href":"https:\/\/gelt.com\/es\/wp-json\/wp\/v2\/pages\/144241"}],"wp:attachment":[{"href":"https:\/\/gelt.com\/es\/wp-json\/wp\/v2\/media?parent=149967"}],"curies":[{"name":"wp","href":"https:\/\/api.w.org\/{rel}","templated":true}]}}