{"id":150394,"date":"2025-08-29T13:43:32","date_gmt":"2025-08-29T11:43:32","guid":{"rendered":"https:\/\/gelt.com\/es\/?page_id=150394"},"modified":"2025-08-29T13:43:32","modified_gmt":"2025-08-29T11:43:32","slug":"consentimiento-informado-para-el-tratamiento-de-datos-personales-especifico-relativo-a-la-campana-cash-back-coccion-fagor-2025","status":"publish","type":"page","link":"https:\/\/gelt.com\/es\/bases-legales\/consentimiento-informado-para-el-tratamiento-de-datos-personales-especifico-relativo-a-la-campana-cash-back-coccion-fagor-2025\/","title":{"rendered":"CONSENTIMIENTO INFORMADO PARA EL TRATAMIENTO DE DATOS PERSONALES ESPEC\u00cdFICO RELATIVO A LA CAMPA\u00d1A \u201cCASH BACK COCCI\u00d3N FAGOR 2025\u201d"},"content":{"rendered":"<p>[vc_row top=\u00bb80px\u00bb bottom=\u00bb40px\u00bb content_fadeout=\u00bbcontent-fadeout\u00bb content_placement=\u00bbmiddle\u00bb textalign=\u00bbcenter\u00bb row_seperator=\u00bbno-seperator\u00bb font_color=\u00bb#ffffff\u00bb bg_color=\u00bb#ff344c\u00bb][vc_column width=\u00bb2\/3&#8243;][vc_heading h_size=\u00bbh-extralarge\u00bb title=\u00bbCONSENTIMIENTO INFORMADO PARA EL TRATAMIENTO DE DATOS PERSONALES ESPEC\u00cdFICO RELATIVO A LA CAMPA\u00d1A \u201cCASH BACK COCCI\u00d3N FAGOR 2025\u201d\u00bb title_color=\u00bb#ffffff\u00bb subtitle_color=\u00bb#ffffff\u00bb alignment=\u00bbalign-left\u00bb][\/vc_column][vc_column width=\u00bb1\/3&#8243;][vc_single_image image=\u00bb148099&#8243; img_size=\u00bb240&#215;240&#8243;][\/vc_column][\/vc_row][vc_row][vc_column][vc_column_text]<\/p>\n<p class=\"p1\">Este tratamiento de datos personales es espec\u00edfico para la participaci\u00f3n en la campa\u00f1a<\/p>\n<p class=\"p1\">\u201cCash Back cocci\u00f3n Fagor 2025\u201d (la \u201cPromoci\u00f3n\u201d).<\/p>\n<p class=\"p1\"><span class=\"s1\"><b>Responsable:<\/b> <\/span>D. Armando Joao Rodrigues Atanasio Anjos, mayor de edad, con NIE<\/p>\n<p class=\"p1\">Y3348202Z, actuando en nombre y representaci\u00f3n de ELECTRODOM\u00c9STICOS<\/p>\n<p class=\"p1\">IBERIA S.L., con CIF B87131389 y domicilio social en CALLE CAMPEZO 1, EDIFICIO<\/p>\n<p class=\"p1\">9, 1\u00aa planta, PARQUE EMPRESARIAL LAS MERCEDES, 28022 MADRID. En<\/p>\n<p class=\"p1\">adelante, el CLIENTE.<\/p>\n<p class=\"p1\"><b>Finalidad del tratamiento:<\/b> El Responsable de Tratamiento tratar\u00e1 los datos<\/p>\n<p class=\"p1\">personales facilitados por los participantes, con las siguientes finalidades principales:<\/p>\n<p class=\"p1\"><span class=\"s2\">\u2010<\/span> Gestionar su participaci\u00f3n en la promoci\u00f3n (incluyendo, a t\u00edtulo enunciativo, pero no<\/p>\n<p class=\"p1\">limitativo, comprobar que los ganadores cumplen las condiciones de participaci\u00f3n y<\/p>\n<p class=\"p1\">gestionar la entrega de los premios a los ganadores).<\/p>\n<p class=\"p1\">&#8211; Conocer la experiencia de compra de los consumidores del producto promocionado.<\/p>\n<p class=\"p1\"><span class=\"s2\">\u2010<\/span> Utilizar su nombre, apellidos y\/o imagen en el marco de la publicaci\u00f3n de su condici\u00f3n<\/p>\n<p class=\"p1\">de ganador o en cualquier actividad publicitaria o promocional.<\/p>\n<p class=\"p1\"><b>Datos recabados:<\/b><\/p>\n<p class=\"p1\"><span class=\"s2\">\u25cf<\/span> Nombre<\/p>\n<p class=\"p1\"><span class=\"s2\">\u25cf<\/span> Apellidos<\/p>\n<p class=\"p1\"><span class=\"s2\">\u25cf<\/span> Email<\/p>\n<p class=\"p1\"><span class=\"s2\">\u25cf<\/span> n\u00famero de tel\u00e9fono<\/p>\n<p class=\"p1\"><span class=\"s2\">\u25cf<\/span> direcci\u00f3n<\/p>\n<p class=\"p1\"><span class=\"s2\">\u25cf<\/span> c\u00f3digo postal<\/p>\n<p class=\"p1\"><span class=\"s2\">\u25cf<\/span> N\u00famero de DNI<\/p>\n<p class=\"p1\"><span class=\"s2\">\u25cf<\/span> IBAN<\/p>\n<p class=\"p1\"><b>Legitimaci\u00f3n:<\/b> la base legal para el tratamiento de los datos de los participantes es la<\/p>\n<p class=\"p1\">ejecuci\u00f3n de estas bases legales.<\/p>\n<p class=\"p1\"><b>Destinatarios:<\/b> El Responsable de Tratamiento podr\u00e1 comunicar sus datos \u00fanicamente<\/p>\n<p class=\"p1\">cuando sea necesario para el cumplimiento de las obligaciones legales que<\/p>\n<p class=\"p1\">correspondan, en virtud de la normativa aplicable en cada caso.<\/p>\n<p class=\"p1\"><b>Plazo de conservaci\u00f3n:<\/b> El Responsable de Tratamiento conservar\u00e1 los datos de los<\/p>\n<p class=\"p1\">participantes mientras dure la presente promoci\u00f3n y en cualquier caso mientras no se<\/p>\n<p class=\"p1\">solicite su supresi\u00f3n, as\u00ed como el tiempo necesario para dar cumplimiento a las<\/p>\n<p class=\"p1\">obligaciones legales que en cada caso correspondan acorde con cada tipolog\u00eda de<\/p>\n<p class=\"p1\">datos. Los datos ser\u00e1n suprimidos cuando dejen de ser necesarios para los fines para<\/p>\n<p class=\"p1\">los que fueron recabados, siempre en cumplimiento de la normativa vigente.<\/p>\n<p class=\"p1\">Confidencialidad y seguridad: Los datos ser\u00e1n tratados de acuerdo con la legislaci\u00f3n<\/p>\n<p class=\"p1\">aplicable en materia de protecci\u00f3n de datos, y se adoptar\u00e1n las medidas necesarias<\/p>\n<p class=\"p1\">para garantizar su seguridad y confidencialidad.<\/p>\n<p class=\"p1\"><b>Ejercicio de derechos:<\/b> en cualquier momento, los participantes tienen derecho a<\/p>\n<p class=\"p1\"><span class=\"s3\">P\u00e1gina <b>1<\/b> de <b>2<\/b><\/span>ejercer sus derechos de acceso, rectificaci\u00f3n y supresi\u00f3n, limitaci\u00f3n del tratamiento,<\/p>\n<p class=\"p1\">portabilidad, oposici\u00f3n, mediante petici\u00f3n escrita ELECTRODOM\u00c9STICOS IBERIA<\/p>\n<p class=\"p1\">S.L., con CIF B87131389 y domicilio social en CALLE CAMPEZO 1, EDIFICIO 9, 1\u00aa<\/p>\n<p class=\"p1\">planta, PARQUE EMPRESARIAL LAS MERCEDES, 28022 MADRID.<\/p>\n<p class=\"p1\">En todo caso, los participantes quedan informados de que la revocaci\u00f3n de su<\/p>\n<p class=\"p1\">consentimiento otorgado para el tratamiento de sus datos durante la vigencia de la<\/p>\n<p class=\"p1\">promoci\u00f3n comportar\u00e1 la imposibilidad de seguir participando en la misma.<\/p>\n<p class=\"p1\"><b>Presentaci\u00f3n de reclamaciones:<\/b> si los participantes consideran que el Responsable<\/p>\n<p class=\"p1\">de Tratamiento no ha tratado sus datos personales de conformidad con la normativa<\/p>\n<p class=\"p1\">aplicable, podr\u00e1 presentar una reclamaci\u00f3n frente a la autoridad de control competente,<\/p>\n<p class=\"p1\">a trav\u00e9s de la p\u00e1gina web <span class=\"s4\">www.agpd.es<\/span><\/p>\n<p>[\/vc_column_text][\/vc_column][\/vc_row]<\/p>\n","protected":false},"excerpt":{"rendered":"<p>[vc_row top=\u00bb80px\u00bb bottom=\u00bb40px\u00bb content_fadeout=\u00bbcontent-fadeout\u00bb content_placement=\u00bbmiddle\u00bb textalign=\u00bbcenter\u00bb row_seperator=\u00bbno-seperator\u00bb font_color=\u00bb#ffffff\u00bb bg_color=\u00bb#ff344c\u00bb][vc_column width=\u00bb2\/3&#8243;][vc_heading h_size=\u00bbh-extralarge\u00bb title=\u00bbCONSENTIMIENTO INFORMADO PARA EL TRATAMIENTO DE DATOS PERSONALES ESPEC\u00cdFICO RELATIVO A LA CAMPA\u00d1A \u201cCASH BACK COCCI\u00d3N FAGOR 2025\u201d\u00bb title_color=\u00bb#ffffff\u00bb subtitle_color=\u00bb#ffffff\u00bb alignment=\u00bbalign-left\u00bb][\/vc_column][vc_column width=\u00bb1\/3&#8243;][vc_single_image image=\u00bb148099&#8243; img_size=\u00bb240&#215;240&#8243;][\/vc_column][\/vc_row][vc_row][vc_column][vc_column_text] Este tratamiento de datos personales es espec\u00edfico para la participaci\u00f3n en la campa\u00f1a \u201cCash Back cocci\u00f3n Fagor 2025\u201d (la \u201cPromoci\u00f3n\u201d). Responsable: D. Armando Joao Rodrigues Atanasio Anjos, mayor de edad, con NIE Y3348202Z, actuando en nombre y representaci\u00f3n de ELECTRODOM\u00c9STICOS&#8230;  <\/p>\n<div class=\"read-more\"><a class=\"excerpt-read-more\" href=\"https:\/\/gelt.com\/es\/bases-legales\/consentimiento-informado-para-el-tratamiento-de-datos-personales-especifico-relativo-a-la-campana-cash-back-coccion-fagor-2025\/\" title=\"Continue reading CONSENTIMIENTO INFORMADO PARA EL TRATAMIENTO DE DATOS PERSONALES ESPEC\u00cdFICO RELATIVO A LA CAMPA\u00d1A \u201cCASH BACK COCCI\u00d3N FAGOR 2025\u201d\">Read more<i class=\"fa fa-angle-right\"><\/i><\/a><\/div>\n","protected":false},"author":126,"featured_media":0,"parent":144241,"menu_order":0,"comment_status":"closed","ping_status":"closed","template":"page-full-width.php","meta":{"content-type":"","footnotes":""},"yoast_head":"<!-- This site is optimized with the Yoast SEO plugin v21.9.1 - https:\/\/yoast.com\/wordpress\/plugins\/seo\/ -->\n<title>Bases Legales CONSENTIMIENTO INFORMADO PARA EL TRATAMIENTO DE DATOS PERSONALES ESPEC\u00cdFICO RELATIVO A LA CAMPA\u00d1A \u201cCASH BACK COCCI\u00d3N FAGOR 2025\u201d - Gelt Espa\u00f1a<\/title>\n<meta name=\"robots\" content=\"index, follow, max-snippet:-1, max-image-preview:large, max-video-preview:-1\" \/>\n<link rel=\"canonical\" href=\"https:\/\/gelt.com\/es\/bases-legales\/consentimiento-informado-para-el-tratamiento-de-datos-personales-especifico-relativo-a-la-campana-cash-back-coccion-fagor-2025\/\" \/>\n<meta property=\"og:locale\" content=\"es_ES\" \/>\n<meta property=\"og:type\" content=\"article\" \/>\n<meta property=\"og:title\" content=\"Bases Legales CONSENTIMIENTO INFORMADO PARA EL TRATAMIENTO DE DATOS PERSONALES ESPEC\u00cdFICO RELATIVO A LA CAMPA\u00d1A \u201cCASH BACK COCCI\u00d3N FAGOR 2025\u201d - Gelt Espa\u00f1a\" \/>\n<meta property=\"og:description\" content=\"[vc_row top=\u00bb80px\u00bb bottom=\u00bb40px\u00bb content_fadeout=\u00bbcontent-fadeout\u00bb content_placement=\u00bbmiddle\u00bb textalign=\u00bbcenter\u00bb row_seperator=\u00bbno-seperator\u00bb font_color=\u00bb#ffffff\u00bb bg_color=\u00bb#ff344c\u00bb][vc_column width=\u00bb2\/3&#8243;][vc_heading h_size=\u00bbh-extralarge\u00bb title=\u00bbCONSENTIMIENTO INFORMADO PARA EL TRATAMIENTO DE DATOS PERSONALES ESPEC\u00cdFICO RELATIVO A LA CAMPA\u00d1A \u201cCASH BACK COCCI\u00d3N FAGOR 2025\u201d\u00bb title_color=\u00bb#ffffff\u00bb subtitle_color=\u00bb#ffffff\u00bb alignment=\u00bbalign-left\u00bb][\/vc_column][vc_column width=\u00bb1\/3&#8243;][vc_single_image image=\u00bb148099&#8243; img_size=\u00bb240&#215;240&#8243;][\/vc_column][\/vc_row][vc_row][vc_column][vc_column_text] Este tratamiento de datos personales es espec\u00edfico para la participaci\u00f3n en la campa\u00f1a \u201cCash Back cocci\u00f3n Fagor 2025\u201d (la \u201cPromoci\u00f3n\u201d). Responsable: D. Armando Joao Rodrigues Atanasio Anjos, mayor de edad, con NIE Y3348202Z, actuando en nombre y representaci\u00f3n de ELECTRODOM\u00c9STICOS... Read more\" \/>\n<meta property=\"og:url\" content=\"https:\/\/gelt.com\/es\/bases-legales\/consentimiento-informado-para-el-tratamiento-de-datos-personales-especifico-relativo-a-la-campana-cash-back-coccion-fagor-2025\/\" \/>\n<meta property=\"og:site_name\" content=\"Gelt Espa\u00f1a\" \/>\n<meta name=\"twitter:card\" content=\"summary_large_image\" \/>\n<meta name=\"twitter:label1\" content=\"Tiempo de lectura\" \/>\n\t<meta name=\"twitter:data1\" content=\"3 minutos\" \/>\n<script type=\"application\/ld+json\" class=\"yoast-schema-graph\">{\"@context\":\"https:\/\/schema.org\",\"@graph\":[{\"@type\":\"WebPage\",\"@id\":\"https:\/\/gelt.com\/es\/bases-legales\/consentimiento-informado-para-el-tratamiento-de-datos-personales-especifico-relativo-a-la-campana-cash-back-coccion-fagor-2025\/\",\"url\":\"https:\/\/gelt.com\/es\/bases-legales\/consentimiento-informado-para-el-tratamiento-de-datos-personales-especifico-relativo-a-la-campana-cash-back-coccion-fagor-2025\/\",\"name\":\"Bases Legales CONSENTIMIENTO INFORMADO PARA EL TRATAMIENTO DE DATOS PERSONALES ESPEC\u00cdFICO RELATIVO A LA CAMPA\u00d1A \u201cCASH BACK COCCI\u00d3N FAGOR 2025\u201d - Gelt Espa\u00f1a\",\"isPartOf\":{\"@id\":\"https:\/\/gelt.com\/es\/#website\"},\"datePublished\":\"2025-08-29T11:43:32+00:00\",\"dateModified\":\"2025-08-29T11:43:32+00:00\",\"breadcrumb\":{\"@id\":\"https:\/\/gelt.com\/es\/bases-legales\/consentimiento-informado-para-el-tratamiento-de-datos-personales-especifico-relativo-a-la-campana-cash-back-coccion-fagor-2025\/#breadcrumb\"},\"inLanguage\":\"es\",\"potentialAction\":[{\"@type\":\"ReadAction\",\"target\":[\"https:\/\/gelt.com\/es\/bases-legales\/consentimiento-informado-para-el-tratamiento-de-datos-personales-especifico-relativo-a-la-campana-cash-back-coccion-fagor-2025\/\"]}]},{\"@type\":\"BreadcrumbList\",\"@id\":\"https:\/\/gelt.com\/es\/bases-legales\/consentimiento-informado-para-el-tratamiento-de-datos-personales-especifico-relativo-a-la-campana-cash-back-coccion-fagor-2025\/#breadcrumb\",\"itemListElement\":[{\"@type\":\"ListItem\",\"position\":1,\"name\":\"Portada\",\"item\":\"https:\/\/gelt.com\/es\/\"},{\"@type\":\"ListItem\",\"position\":2,\"name\":\"BASES Y CONDICIONES LEGALES\",\"item\":\"https:\/\/gelt.com\/es\/bases-legales\/\"},{\"@type\":\"ListItem\",\"position\":3,\"name\":\"CONSENTIMIENTO INFORMADO PARA EL TRATAMIENTO DE DATOS PERSONALES ESPEC\u00cdFICO RELATIVO A LA CAMPA\u00d1A \u201cCASH BACK COCCI\u00d3N FAGOR 2025\u201d\"}]},{\"@type\":\"WebSite\",\"@id\":\"https:\/\/gelt.com\/es\/#website\",\"url\":\"https:\/\/gelt.com\/es\/\",\"name\":\"Gelt Espa\u00f1a\",\"description\":\"Gelt - Dinero que vuelve\",\"potentialAction\":[{\"@type\":\"SearchAction\",\"target\":{\"@type\":\"EntryPoint\",\"urlTemplate\":\"https:\/\/gelt.com\/es\/?s={search_term_string}\"},\"query-input\":\"required name=search_term_string\"}],\"inLanguage\":\"es\"}]}<\/script>\n<!-- \/ Yoast SEO plugin. -->","yoast_head_json":{"title":"Bases Legales CONSENTIMIENTO INFORMADO PARA EL TRATAMIENTO DE DATOS PERSONALES ESPEC\u00cdFICO RELATIVO A LA CAMPA\u00d1A \u201cCASH BACK COCCI\u00d3N FAGOR 2025\u201d - Gelt Espa\u00f1a","robots":{"index":"index","follow":"follow","max-snippet":"max-snippet:-1","max-image-preview":"max-image-preview:large","max-video-preview":"max-video-preview:-1"},"canonical":"https:\/\/gelt.com\/es\/bases-legales\/consentimiento-informado-para-el-tratamiento-de-datos-personales-especifico-relativo-a-la-campana-cash-back-coccion-fagor-2025\/","og_locale":"es_ES","og_type":"article","og_title":"Bases Legales CONSENTIMIENTO INFORMADO PARA EL TRATAMIENTO DE DATOS PERSONALES ESPEC\u00cdFICO RELATIVO A LA CAMPA\u00d1A \u201cCASH BACK COCCI\u00d3N FAGOR 2025\u201d - Gelt Espa\u00f1a","og_description":"[vc_row top=\u00bb80px\u00bb bottom=\u00bb40px\u00bb content_fadeout=\u00bbcontent-fadeout\u00bb content_placement=\u00bbmiddle\u00bb textalign=\u00bbcenter\u00bb row_seperator=\u00bbno-seperator\u00bb font_color=\u00bb#ffffff\u00bb bg_color=\u00bb#ff344c\u00bb][vc_column width=\u00bb2\/3&#8243;][vc_heading h_size=\u00bbh-extralarge\u00bb title=\u00bbCONSENTIMIENTO INFORMADO PARA EL TRATAMIENTO DE DATOS PERSONALES ESPEC\u00cdFICO RELATIVO A LA CAMPA\u00d1A \u201cCASH BACK COCCI\u00d3N FAGOR 2025\u201d\u00bb title_color=\u00bb#ffffff\u00bb subtitle_color=\u00bb#ffffff\u00bb alignment=\u00bbalign-left\u00bb][\/vc_column][vc_column width=\u00bb1\/3&#8243;][vc_single_image image=\u00bb148099&#8243; img_size=\u00bb240&#215;240&#8243;][\/vc_column][\/vc_row][vc_row][vc_column][vc_column_text] Este tratamiento de datos personales es espec\u00edfico para la participaci\u00f3n en la campa\u00f1a \u201cCash Back cocci\u00f3n Fagor 2025\u201d (la \u201cPromoci\u00f3n\u201d). Responsable: D. Armando Joao Rodrigues Atanasio Anjos, mayor de edad, con NIE Y3348202Z, actuando en nombre y representaci\u00f3n de ELECTRODOM\u00c9STICOS... Read more","og_url":"https:\/\/gelt.com\/es\/bases-legales\/consentimiento-informado-para-el-tratamiento-de-datos-personales-especifico-relativo-a-la-campana-cash-back-coccion-fagor-2025\/","og_site_name":"Gelt Espa\u00f1a","twitter_card":"summary_large_image","twitter_misc":{"Tiempo de lectura":"3 minutos"},"schema":{"@context":"https:\/\/schema.org","@graph":[{"@type":"WebPage","@id":"https:\/\/gelt.com\/es\/bases-legales\/consentimiento-informado-para-el-tratamiento-de-datos-personales-especifico-relativo-a-la-campana-cash-back-coccion-fagor-2025\/","url":"https:\/\/gelt.com\/es\/bases-legales\/consentimiento-informado-para-el-tratamiento-de-datos-personales-especifico-relativo-a-la-campana-cash-back-coccion-fagor-2025\/","name":"Bases Legales CONSENTIMIENTO INFORMADO PARA EL TRATAMIENTO DE DATOS PERSONALES ESPEC\u00cdFICO RELATIVO A LA CAMPA\u00d1A \u201cCASH BACK COCCI\u00d3N FAGOR 2025\u201d - Gelt Espa\u00f1a","isPartOf":{"@id":"https:\/\/gelt.com\/es\/#website"},"datePublished":"2025-08-29T11:43:32+00:00","dateModified":"2025-08-29T11:43:32+00:00","breadcrumb":{"@id":"https:\/\/gelt.com\/es\/bases-legales\/consentimiento-informado-para-el-tratamiento-de-datos-personales-especifico-relativo-a-la-campana-cash-back-coccion-fagor-2025\/#breadcrumb"},"inLanguage":"es","potentialAction":[{"@type":"ReadAction","target":["https:\/\/gelt.com\/es\/bases-legales\/consentimiento-informado-para-el-tratamiento-de-datos-personales-especifico-relativo-a-la-campana-cash-back-coccion-fagor-2025\/"]}]},{"@type":"BreadcrumbList","@id":"https:\/\/gelt.com\/es\/bases-legales\/consentimiento-informado-para-el-tratamiento-de-datos-personales-especifico-relativo-a-la-campana-cash-back-coccion-fagor-2025\/#breadcrumb","itemListElement":[{"@type":"ListItem","position":1,"name":"Portada","item":"https:\/\/gelt.com\/es\/"},{"@type":"ListItem","position":2,"name":"BASES Y CONDICIONES LEGALES","item":"https:\/\/gelt.com\/es\/bases-legales\/"},{"@type":"ListItem","position":3,"name":"CONSENTIMIENTO INFORMADO PARA EL TRATAMIENTO DE DATOS PERSONALES ESPEC\u00cdFICO RELATIVO A LA CAMPA\u00d1A \u201cCASH BACK COCCI\u00d3N FAGOR 2025\u201d"}]},{"@type":"WebSite","@id":"https:\/\/gelt.com\/es\/#website","url":"https:\/\/gelt.com\/es\/","name":"Gelt Espa\u00f1a","description":"Gelt - Dinero que vuelve","potentialAction":[{"@type":"SearchAction","target":{"@type":"EntryPoint","urlTemplate":"https:\/\/gelt.com\/es\/?s={search_term_string}"},"query-input":"required name=search_term_string"}],"inLanguage":"es"}]}},"_links":{"self":[{"href":"https:\/\/gelt.com\/es\/wp-json\/wp\/v2\/pages\/150394"}],"collection":[{"href":"https:\/\/gelt.com\/es\/wp-json\/wp\/v2\/pages"}],"about":[{"href":"https:\/\/gelt.com\/es\/wp-json\/wp\/v2\/types\/page"}],"author":[{"embeddable":true,"href":"https:\/\/gelt.com\/es\/wp-json\/wp\/v2\/users\/126"}],"replies":[{"embeddable":true,"href":"https:\/\/gelt.com\/es\/wp-json\/wp\/v2\/comments?post=150394"}],"version-history":[{"count":1,"href":"https:\/\/gelt.com\/es\/wp-json\/wp\/v2\/pages\/150394\/revisions"}],"predecessor-version":[{"id":150395,"href":"https:\/\/gelt.com\/es\/wp-json\/wp\/v2\/pages\/150394\/revisions\/150395"}],"up":[{"embeddable":true,"href":"https:\/\/gelt.com\/es\/wp-json\/wp\/v2\/pages\/144241"}],"wp:attachment":[{"href":"https:\/\/gelt.com\/es\/wp-json\/wp\/v2\/media?parent=150394"}],"curies":[{"name":"wp","href":"https:\/\/api.w.org\/{rel}","templated":true}]}}