{"id":150783,"date":"2026-01-05T16:18:51","date_gmt":"2026-01-05T15:18:51","guid":{"rendered":"https:\/\/gelt.com\/es\/?page_id=150783"},"modified":"2026-01-08T09:33:22","modified_gmt":"2026-01-08T08:33:22","slug":"aviso-de-privacidad-burgo-de-arias","status":"publish","type":"page","link":"https:\/\/gelt.com\/es\/bases-legales\/aviso-de-privacidad-burgo-de-arias\/","title":{"rendered":"AVISO DE PRIVACIDAD &#8211; BURGO DE ARIAS"},"content":{"rendered":"<p>[vc_row top=\u00bb80px\u00bb bottom=\u00bb40px\u00bb content_fadeout=\u00bbcontent-fadeout\u00bb content_placement=\u00bbmiddle\u00bb textalign=\u00bbcenter\u00bb row_seperator=\u00bbno-seperator\u00bb font_color=\u00bb#ffffff\u00bb bg_color=\u00bb#ff344c\u00bb][vc_column width=\u00bb2\/3&#8243;][vc_heading h_size=\u00bbh-extralarge\u00bb title=\u00bbAVISO DE PRIVACIDAD &#8211; BURGO DE ARIAS\u00bb title_color=\u00bb#ffffff\u00bb subtitle_color=\u00bb#ffffff\u00bb alignment=\u00bbalign-left\u00bb][\/vc_column][vc_column width=\u00bb1\/3&#8243;][vc_single_image image=\u00bb148099&#8243; img_size=\u00bb240&#215;240&#8243;][\/vc_column][\/vc_row][vc_row][vc_column][vc_column_text]<span style=\"font-weight: 400\">GELT te informa que tus datos identificativos, as\u00ed como los datos relativos a tus compras de productos ARIAS, podr\u00e1n ser cedidos a \u201cMANTEQUER\u00cdAS ARIAS S.A.\u201d (\u201c<\/span><b>ARIAS<\/b><span style=\"font-weight: 400\">\u201d) <\/span><span style=\"font-weight: 400\">con domicilio en Madrid, en la Plaza Carlos Tr\u00edas Bertr\u00e1n, 4, 2\u00aa planta, provista del CIF A-79796587 (beatriz.spivey@mantequeriasarias.com) <\/span><span style=\"font-weight: 400\">par<\/span><span style=\"font-weight: 400\">a promociones de sus Productos y mejorar su programa de ventas<\/span> <span style=\"font-weight: 400\">por parte de ARIAS, en base a tu consentimiento.<\/span><\/p>\n<p><span style=\"font-weight: 400\">ARIAS tratar\u00e1 los datos, de acuerdo con la siguiente pol\u00edtica de privacidad:<\/span><\/p>\n<p><b>Datos recabados<\/b><span style=\"font-weight: 400\">. Nombre y apellidos, direcci\u00f3n de correo electr\u00f3nico, sexo y fecha de nacimiento.<\/span><\/p>\n<p><b>Finalidad<\/b><span style=\"font-weight: 400\">. ARIAS, como Responsable del Tratamiento de tus datos personales, tratar\u00e1 tus datos personales con la finalidad llevar a cabo <\/span><span style=\"font-weight: 400\">promociones de sus Productos y mejorar su programa de ventas<\/span><\/p>\n<p><b>Legitimaci\u00f3n<\/b><span style=\"font-weight: 400\">. El consentimiento del interesado.\u00a0<\/span><\/p>\n<p><b>Conservaci\u00f3n<\/b><span style=\"font-weight: 400\">. ARIAS conservar\u00e1 tus datos personales durante el periodo que dure la relaci\u00f3n contractual entre t\u00fa y GELT,<\/span><b>\u00a0<\/b><span style=\"font-weight: 400\">pudiendo conservarlos posteriormente bloqueados durante los plazos de prescripci\u00f3n de las acciones legales relacionadas con ese tratamiento.\u00a0<\/span><\/p>\n<p><b>Destinatarios<\/b><span style=\"font-weight: 400\">. ARIAS no ceder\u00e1 tus datos personales a terceros ni los transferir\u00e1 fuera del Espacio Econ\u00f3mico Europeo, salvo obligaci\u00f3n legal,<\/span><b>\u00a0<\/b><span style=\"font-weight: 400\">y solamente tendr\u00e1n acceso a estos datos personales los prestadores de servicios de ARIAS de los sectores de sistemas y tecnolog\u00eda, gesti\u00f3n administrativa y marketing.\u00a0<\/span><\/p>\n<p><b>Derechos y Reclamaciones<\/b><span style=\"font-weight: 400\">. En caso de que desees retirar el consentimiento prestado, as\u00ed como ejercitar tus derechos de protecci\u00f3n de datos, entre ellos, los derechos de acceso, rectificaci\u00f3n, supresi\u00f3n, oposici\u00f3n, limitaci\u00f3n del tratamiento y, en aquellos supuestos que sea posible, portabilidad de los datos frente a ARIAS, podr\u00e1s hacerlo mediante un escrito dirigido a la direcci\u00f3n: <\/span><span style=\"font-weight: 400\">\u00a0lopd@mantequeriasarias.com<\/span><span style=\"font-weight: 400\">. Adicionalmente, tambi\u00e9n podr\u00e1s dirigirte a la Agencia Espa\u00f1ola de Protecci\u00f3n de Datos para reclamar tus derechos (<\/span><a href=\"http:\/\/www.aepd.es\"><span style=\"font-weight: 400\">www.aepd.es<\/span><\/a><span style=\"font-weight: 400\">).<\/span>[\/vc_column_text][\/vc_column][\/vc_row]<\/p>\n","protected":false},"excerpt":{"rendered":"<p>[vc_row top=\u00bb80px\u00bb bottom=\u00bb40px\u00bb content_fadeout=\u00bbcontent-fadeout\u00bb content_placement=\u00bbmiddle\u00bb textalign=\u00bbcenter\u00bb row_seperator=\u00bbno-seperator\u00bb font_color=\u00bb#ffffff\u00bb bg_color=\u00bb#ff344c\u00bb][vc_column width=\u00bb2\/3&#8243;][vc_heading h_size=\u00bbh-extralarge\u00bb title=\u00bbAVISO DE PRIVACIDAD &#8211; BURGO DE ARIAS\u00bb title_color=\u00bb#ffffff\u00bb subtitle_color=\u00bb#ffffff\u00bb alignment=\u00bbalign-left\u00bb][\/vc_column][vc_column width=\u00bb1\/3&#8243;][vc_single_image image=\u00bb148099&#8243; img_size=\u00bb240&#215;240&#8243;][\/vc_column][\/vc_row][vc_row][vc_column][vc_column_text]GELT te informa que tus datos identificativos, as\u00ed como los datos relativos a tus compras de productos ARIAS, podr\u00e1n ser cedidos a \u201cMANTEQUER\u00cdAS ARIAS S.A.\u201d (\u201cARIAS\u201d) con domicilio en Madrid, en la Plaza Carlos Tr\u00edas Bertr\u00e1n, 4, 2\u00aa planta, provista del CIF A-79796587 (beatriz.spivey@mantequeriasarias.com) para promociones de sus Productos y mejorar su&#8230;  <\/p>\n<div class=\"read-more\"><a class=\"excerpt-read-more\" href=\"https:\/\/gelt.com\/es\/bases-legales\/aviso-de-privacidad-burgo-de-arias\/\" title=\"Continue reading AVISO DE PRIVACIDAD &#8211; BURGO DE ARIAS\">Read more<i class=\"fa fa-angle-right\"><\/i><\/a><\/div>\n","protected":false},"author":63,"featured_media":0,"parent":144241,"menu_order":0,"comment_status":"closed","ping_status":"closed","template":"page-full-width.php","meta":{"content-type":"","footnotes":""},"yoast_head":"<!-- This site is optimized with the Yoast SEO plugin v21.9.1 - https:\/\/yoast.com\/wordpress\/plugins\/seo\/ -->\n<title>Bases Legales AVISO DE PRIVACIDAD - BURGO DE ARIAS - Gelt Espa\u00f1a<\/title>\n<meta name=\"robots\" content=\"index, follow, max-snippet:-1, max-image-preview:large, max-video-preview:-1\" \/>\n<link rel=\"canonical\" href=\"https:\/\/gelt.com\/es\/bases-legales\/aviso-de-privacidad-burgo-de-arias\/\" \/>\n<meta property=\"og:locale\" content=\"es_ES\" \/>\n<meta property=\"og:type\" content=\"article\" \/>\n<meta property=\"og:title\" content=\"Bases Legales AVISO DE PRIVACIDAD - BURGO DE ARIAS - Gelt Espa\u00f1a\" \/>\n<meta property=\"og:description\" content=\"[vc_row top=\u00bb80px\u00bb bottom=\u00bb40px\u00bb content_fadeout=\u00bbcontent-fadeout\u00bb content_placement=\u00bbmiddle\u00bb textalign=\u00bbcenter\u00bb row_seperator=\u00bbno-seperator\u00bb font_color=\u00bb#ffffff\u00bb bg_color=\u00bb#ff344c\u00bb][vc_column width=\u00bb2\/3&#8243;][vc_heading h_size=\u00bbh-extralarge\u00bb title=\u00bbAVISO DE PRIVACIDAD &#8211; BURGO DE ARIAS\u00bb title_color=\u00bb#ffffff\u00bb subtitle_color=\u00bb#ffffff\u00bb alignment=\u00bbalign-left\u00bb][\/vc_column][vc_column width=\u00bb1\/3&#8243;][vc_single_image image=\u00bb148099&#8243; img_size=\u00bb240&#215;240&#8243;][\/vc_column][\/vc_row][vc_row][vc_column][vc_column_text]GELT te informa que tus datos identificativos, as\u00ed como los datos relativos a tus compras de productos ARIAS, podr\u00e1n ser cedidos a \u201cMANTEQUER\u00cdAS ARIAS S.A.\u201d (\u201cARIAS\u201d) con domicilio en Madrid, en la Plaza Carlos Tr\u00edas Bertr\u00e1n, 4, 2\u00aa planta, provista del CIF A-79796587 (beatriz.spivey@mantequeriasarias.com) para promociones de sus Productos y mejorar su... Read more\" \/>\n<meta property=\"og:url\" content=\"https:\/\/gelt.com\/es\/bases-legales\/aviso-de-privacidad-burgo-de-arias\/\" \/>\n<meta property=\"og:site_name\" content=\"Gelt Espa\u00f1a\" \/>\n<meta property=\"article:modified_time\" content=\"2026-01-08T08:33:22+00:00\" \/>\n<meta name=\"twitter:card\" content=\"summary_large_image\" \/>\n<meta name=\"twitter:label1\" content=\"Tiempo de lectura\" \/>\n\t<meta name=\"twitter:data1\" content=\"2 minutos\" \/>\n<script type=\"application\/ld+json\" class=\"yoast-schema-graph\">{\"@context\":\"https:\/\/schema.org\",\"@graph\":[{\"@type\":\"WebPage\",\"@id\":\"https:\/\/gelt.com\/es\/bases-legales\/aviso-de-privacidad-burgo-de-arias\/\",\"url\":\"https:\/\/gelt.com\/es\/bases-legales\/aviso-de-privacidad-burgo-de-arias\/\",\"name\":\"Bases Legales AVISO DE PRIVACIDAD - BURGO DE ARIAS - Gelt Espa\u00f1a\",\"isPartOf\":{\"@id\":\"https:\/\/gelt.com\/es\/#website\"},\"datePublished\":\"2026-01-05T15:18:51+00:00\",\"dateModified\":\"2026-01-08T08:33:22+00:00\",\"breadcrumb\":{\"@id\":\"https:\/\/gelt.com\/es\/bases-legales\/aviso-de-privacidad-burgo-de-arias\/#breadcrumb\"},\"inLanguage\":\"es\",\"potentialAction\":[{\"@type\":\"ReadAction\",\"target\":[\"https:\/\/gelt.com\/es\/bases-legales\/aviso-de-privacidad-burgo-de-arias\/\"]}]},{\"@type\":\"BreadcrumbList\",\"@id\":\"https:\/\/gelt.com\/es\/bases-legales\/aviso-de-privacidad-burgo-de-arias\/#breadcrumb\",\"itemListElement\":[{\"@type\":\"ListItem\",\"position\":1,\"name\":\"Portada\",\"item\":\"https:\/\/gelt.com\/es\/\"},{\"@type\":\"ListItem\",\"position\":2,\"name\":\"BASES Y CONDICIONES LEGALES\",\"item\":\"https:\/\/gelt.com\/es\/bases-legales\/\"},{\"@type\":\"ListItem\",\"position\":3,\"name\":\"AVISO DE PRIVACIDAD &#8211; BURGO DE ARIAS\"}]},{\"@type\":\"WebSite\",\"@id\":\"https:\/\/gelt.com\/es\/#website\",\"url\":\"https:\/\/gelt.com\/es\/\",\"name\":\"Gelt Espa\u00f1a\",\"description\":\"Gelt - Dinero que vuelve\",\"potentialAction\":[{\"@type\":\"SearchAction\",\"target\":{\"@type\":\"EntryPoint\",\"urlTemplate\":\"https:\/\/gelt.com\/es\/?s={search_term_string}\"},\"query-input\":\"required name=search_term_string\"}],\"inLanguage\":\"es\"}]}<\/script>\n<!-- \/ Yoast SEO plugin. -->","yoast_head_json":{"title":"Bases Legales AVISO DE PRIVACIDAD - BURGO DE ARIAS - Gelt Espa\u00f1a","robots":{"index":"index","follow":"follow","max-snippet":"max-snippet:-1","max-image-preview":"max-image-preview:large","max-video-preview":"max-video-preview:-1"},"canonical":"https:\/\/gelt.com\/es\/bases-legales\/aviso-de-privacidad-burgo-de-arias\/","og_locale":"es_ES","og_type":"article","og_title":"Bases Legales AVISO DE PRIVACIDAD - BURGO DE ARIAS - Gelt Espa\u00f1a","og_description":"[vc_row top=\u00bb80px\u00bb bottom=\u00bb40px\u00bb content_fadeout=\u00bbcontent-fadeout\u00bb content_placement=\u00bbmiddle\u00bb textalign=\u00bbcenter\u00bb row_seperator=\u00bbno-seperator\u00bb font_color=\u00bb#ffffff\u00bb bg_color=\u00bb#ff344c\u00bb][vc_column width=\u00bb2\/3&#8243;][vc_heading h_size=\u00bbh-extralarge\u00bb title=\u00bbAVISO DE PRIVACIDAD &#8211; BURGO DE ARIAS\u00bb title_color=\u00bb#ffffff\u00bb subtitle_color=\u00bb#ffffff\u00bb alignment=\u00bbalign-left\u00bb][\/vc_column][vc_column width=\u00bb1\/3&#8243;][vc_single_image image=\u00bb148099&#8243; img_size=\u00bb240&#215;240&#8243;][\/vc_column][\/vc_row][vc_row][vc_column][vc_column_text]GELT te informa que tus datos identificativos, as\u00ed como los datos relativos a tus compras de productos ARIAS, podr\u00e1n ser cedidos a \u201cMANTEQUER\u00cdAS ARIAS S.A.\u201d (\u201cARIAS\u201d) con domicilio en Madrid, en la Plaza Carlos Tr\u00edas Bertr\u00e1n, 4, 2\u00aa planta, provista del CIF A-79796587 (beatriz.spivey@mantequeriasarias.com) para promociones de sus Productos y mejorar su... Read more","og_url":"https:\/\/gelt.com\/es\/bases-legales\/aviso-de-privacidad-burgo-de-arias\/","og_site_name":"Gelt Espa\u00f1a","article_modified_time":"2026-01-08T08:33:22+00:00","twitter_card":"summary_large_image","twitter_misc":{"Tiempo de lectura":"2 minutos"},"schema":{"@context":"https:\/\/schema.org","@graph":[{"@type":"WebPage","@id":"https:\/\/gelt.com\/es\/bases-legales\/aviso-de-privacidad-burgo-de-arias\/","url":"https:\/\/gelt.com\/es\/bases-legales\/aviso-de-privacidad-burgo-de-arias\/","name":"Bases Legales AVISO DE PRIVACIDAD - BURGO DE ARIAS - Gelt Espa\u00f1a","isPartOf":{"@id":"https:\/\/gelt.com\/es\/#website"},"datePublished":"2026-01-05T15:18:51+00:00","dateModified":"2026-01-08T08:33:22+00:00","breadcrumb":{"@id":"https:\/\/gelt.com\/es\/bases-legales\/aviso-de-privacidad-burgo-de-arias\/#breadcrumb"},"inLanguage":"es","potentialAction":[{"@type":"ReadAction","target":["https:\/\/gelt.com\/es\/bases-legales\/aviso-de-privacidad-burgo-de-arias\/"]}]},{"@type":"BreadcrumbList","@id":"https:\/\/gelt.com\/es\/bases-legales\/aviso-de-privacidad-burgo-de-arias\/#breadcrumb","itemListElement":[{"@type":"ListItem","position":1,"name":"Portada","item":"https:\/\/gelt.com\/es\/"},{"@type":"ListItem","position":2,"name":"BASES Y CONDICIONES LEGALES","item":"https:\/\/gelt.com\/es\/bases-legales\/"},{"@type":"ListItem","position":3,"name":"AVISO DE PRIVACIDAD &#8211; BURGO DE ARIAS"}]},{"@type":"WebSite","@id":"https:\/\/gelt.com\/es\/#website","url":"https:\/\/gelt.com\/es\/","name":"Gelt Espa\u00f1a","description":"Gelt - Dinero que vuelve","potentialAction":[{"@type":"SearchAction","target":{"@type":"EntryPoint","urlTemplate":"https:\/\/gelt.com\/es\/?s={search_term_string}"},"query-input":"required name=search_term_string"}],"inLanguage":"es"}]}},"_links":{"self":[{"href":"https:\/\/gelt.com\/es\/wp-json\/wp\/v2\/pages\/150783"}],"collection":[{"href":"https:\/\/gelt.com\/es\/wp-json\/wp\/v2\/pages"}],"about":[{"href":"https:\/\/gelt.com\/es\/wp-json\/wp\/v2\/types\/page"}],"author":[{"embeddable":true,"href":"https:\/\/gelt.com\/es\/wp-json\/wp\/v2\/users\/63"}],"replies":[{"embeddable":true,"href":"https:\/\/gelt.com\/es\/wp-json\/wp\/v2\/comments?post=150783"}],"version-history":[{"count":3,"href":"https:\/\/gelt.com\/es\/wp-json\/wp\/v2\/pages\/150783\/revisions"}],"predecessor-version":[{"id":150805,"href":"https:\/\/gelt.com\/es\/wp-json\/wp\/v2\/pages\/150783\/revisions\/150805"}],"up":[{"embeddable":true,"href":"https:\/\/gelt.com\/es\/wp-json\/wp\/v2\/pages\/144241"}],"wp:attachment":[{"href":"https:\/\/gelt.com\/es\/wp-json\/wp\/v2\/media?parent=150783"}],"curies":[{"name":"wp","href":"https:\/\/api.w.org\/{rel}","templated":true}]}}