{"id":150967,"date":"2026-03-20T13:15:29","date_gmt":"2026-03-20T12:15:29","guid":{"rendered":"https:\/\/gelt.com\/es\/?page_id=150967"},"modified":"2026-03-20T13:15:29","modified_gmt":"2026-03-20T12:15:29","slug":"consentimiento-informado-para-el-tratamiento-de-datos-personales-especifico-relativo-a-la-promocion-demakup-2026","status":"publish","type":"page","link":"https:\/\/gelt.com\/es\/bases-legales\/consentimiento-informado-para-el-tratamiento-de-datos-personales-especifico-relativo-a-la-promocion-demakup-2026\/","title":{"rendered":"CONSENTIMIENTO INFORMADO PARA EL TRATAMIENTO DE DATOS PERSONALES ESPEC\u00cdFICO RELATIVO A LA PROMOCI\u00d3N \u201cPROMOCI\u00d3N DEMAKUP\u201d"},"content":{"rendered":"<p>[vc_row top=\u00bb80px\u00bb bottom=\u00bb40px\u00bb content_fadeout=\u00bbcontent-fadeout\u00bb content_placement=\u00bbmiddle\u00bb textalign=\u00bbcenter\u00bb row_seperator=\u00bbno-seperator\u00bb font_color=\u00bb#ffffff\u00bb bg_color=\u00bb#ff344c\u00bb][vc_column width=\u00bb2\/3&#8243;][vc_heading h_size=\u00bbh-extralarge\u00bb title=\u00bbCONSENTIMIENTO INFORMADO PARA EL TRATAMIENTO DE DATOS PERSONALES ESPEC\u00cdFICO RELATIVO A LA PROMOCI\u00d3N \u201cPROMOCI\u00d3N DEMAKUP\u201d\u00bb title_color=\u00bb#ffffff\u00bb subtitle_color=\u00bb#ffffff\u00bb alignment=\u00bbalign-left\u00bb][\/vc_column][vc_column width=\u00bb1\/3&#8243;][vc_single_image image=\u00bb148099&#8243; img_size=\u00bb240&#215;240&#8243;][\/vc_column][\/vc_row][vc_row][vc_column][vc_column_text]En cumplimiento de lo establecido en Reglamento (UE) 2016\/679 del Parlamento Europeo y del Consejo, de 27 de abril de 2016, relativo a la protecci\u00f3n de las personas f\u00edsicas en lo que respecta al tratamiento de datos personales y a la libre circulaci\u00f3n de estos datos (en adelante \u201cRGPD\u201d), as\u00ed como en la Ley Org\u00e1nica 3\/2018, de 5 de diciembre, de Protecci\u00f3n de Datos Personales y garant\u00eda de los derechos digitales (en adelante \u201cLOPDGDD\u201d) para el tratamiento de datos personales concreto que va a ser llevado a cabo por GRUPO ESSITY S.L.U. es necesario que el participante\/usuario\/usuaria preste su consentimiento activo, libre e informado sobre el tratamiento de sus datos personales. \u00a0La promoci\u00f3n se llevar\u00e1 a cabo en la url: http:\/\/www.promociondemakup com<\/p>\n<p><strong>Responsable<\/strong>: El Responsable de Tratamiento de Datos de Car\u00e1cter Personal es \u201c<strong>GRUPO ESSITY SPAIN, S.L.U.<\/strong>\u201d provista del CIF B28451383 y con domicilio social en Carretera Valls a Puigpelat KM2, Tarragona Su direcci\u00f3n de e-mail es [\u00b7]<\/p>\n<p><strong>Finalidades<\/strong>:<\/p>\n<ul>\n<li>El cumplimiento por parte del responsable de Tratamiento de las condiciones y t\u00e9rminos de la Promoci\u00f3n en la url http:\/\/www.promociondemakup com<\/li>\n<li>Ingresar en la cuenta bancaria del usuario la cantidad de cashback (reembolso) que ha obtenido por sus compras.<\/li>\n<li>Env\u00edo de comunicaciones comerciales a los usuarios para promociones.<\/li>\n<\/ul>\n<p><strong>Datos que se recaban<\/strong>:<\/p>\n<ul>\n<li>Nombre y apellidos<\/li>\n<li>e-mail<\/li>\n<li>n\u00famero de tel\u00e9fono m\u00f3vil<\/li>\n<li>n\u00famero de DNI<\/li>\n<li>Direcci\u00f3n Postal<\/li>\n<li>IBAN o cuenta corriente.<\/li>\n<\/ul>\n<p>&nbsp;<\/p>\n<p><strong>Legitimaci\u00f3n<\/strong>: La base legal para el tratamiento de sus datos personales es su consentimiento del usuario y la obligaci\u00f3n del Responsable para cumplir con las obligaciones de la promoci\u00f3n en la que participa el usuario.<\/p>\n<p>Los datos que se solicitan son adecuados, pertinentes y estrictamente necesarios y en ning\u00fan caso est\u00e1 obligado a facilitarlos.<\/p>\n<p><strong>Destinatarios<\/strong>: El destinatario primero de los datos personales es el Responsable de Tratamiento.<\/p>\n<p>Asimismo, el Responsable comunicar\u00e1 a su entidad bancaria su n\u00famero de cuenta corriente para hacer el ingreso del cashback.<\/p>\n<p>No se producir\u00e1n transferencias internacionales de datos personales. No obstante lo anterior, en caso de que haya encargados de tratamiento situados fuera del Espacio Econ\u00f3mico Europeo o en territorios que no hayan sido declarados con un nivel de protecci\u00f3n de datos adecuado por la Comisi\u00f3n Europea, la transferencia se producir\u00e1 solamente si existen garant\u00edas adecuadas.<\/p>\n<p>Sin perjuicio de la comunicaci\u00f3n anterior, el Responsable no ceder\u00e1 sus datos a terceros excepto para el cumplimiento de las obligaciones legales a las que vengamos obligados (Administraciones P\u00fablicas, entidades financieras, aseguradoras).<\/p>\n<p><strong>Conservaci\u00f3n de datos<\/strong>: Los datos recabados y proporcionados ser\u00e1n conservados el tiempo m\u00ednimo necesario para los fines autorizados. Una vez finalizado el tratamiento necesario para las acciones referidas los datos ser\u00e1n bloqueados en las bases de datos del Responsable y se suprimir\u00e1n cuando transcurran los plazos legales establecidos.<\/p>\n<p><strong>Derechos y posibilidad de reclamaci\u00f3n<\/strong>: En todo momento, se podr\u00e1 ejercer los derechos de acceso, rectificaci\u00f3n, supresi\u00f3n y oposici\u00f3n, portabilidad y limitaci\u00f3n del tratamiento, recogidos en el RGPD y en la LOPDGDD, enviando su petici\u00f3n mediante correo electr\u00f3nico al Delegado de Protecci\u00f3n de Datos del Responsable [\u00b7]<\/p>\n<p>Si considera que el tratamiento no se ajusta a la normativa vigente de protecci\u00f3n de datos, tiene derecho a presentar una reclamaci\u00f3n ante la autoridad de control (Agencia Espa\u00f1ola de Protecci\u00f3n de Datos) en <a href=\"http:\/\/www.agpd.es\">www.agpd.es<\/a>, aunque es compromiso del Responsable\u00a0garantizar la privacidad y la seguridad de los datos y resolver internamente cualquier cuesti\u00f3n con ellas relacionada.<\/p>\n<p>Adem\u00e1s, el usuario o usuaria tiene la posibilidad y el derecho a retirar el consentimiento para cualquiera finalidad espec\u00edfica otorgada en su momento, sin que ello afecte a la licitud del tratamiento basado en el consentimiento previo a su retirada.[\/vc_column_text][\/vc_column][\/vc_row]<\/p>\n","protected":false},"excerpt":{"rendered":"<p>[vc_row top=\u00bb80px\u00bb bottom=\u00bb40px\u00bb content_fadeout=\u00bbcontent-fadeout\u00bb content_placement=\u00bbmiddle\u00bb textalign=\u00bbcenter\u00bb row_seperator=\u00bbno-seperator\u00bb font_color=\u00bb#ffffff\u00bb bg_color=\u00bb#ff344c\u00bb][vc_column width=\u00bb2\/3&#8243;][vc_heading h_size=\u00bbh-extralarge\u00bb title=\u00bbCONSENTIMIENTO INFORMADO PARA EL TRATAMIENTO DE DATOS PERSONALES ESPEC\u00cdFICO RELATIVO A LA PROMOCI\u00d3N \u201cPROMOCI\u00d3N DEMAKUP\u201d\u00bb title_color=\u00bb#ffffff\u00bb subtitle_color=\u00bb#ffffff\u00bb alignment=\u00bbalign-left\u00bb][\/vc_column][vc_column width=\u00bb1\/3&#8243;][vc_single_image image=\u00bb148099&#8243; img_size=\u00bb240&#215;240&#8243;][\/vc_column][\/vc_row][vc_row][vc_column][vc_column_text]En cumplimiento de lo establecido en Reglamento (UE) 2016\/679 del Parlamento Europeo y del Consejo, de 27 de abril de 2016, relativo a la protecci\u00f3n de las personas f\u00edsicas en lo que respecta al tratamiento de datos personales y a la libre circulaci\u00f3n de&#8230;  <\/p>\n<div class=\"read-more\"><a class=\"excerpt-read-more\" href=\"https:\/\/gelt.com\/es\/bases-legales\/consentimiento-informado-para-el-tratamiento-de-datos-personales-especifico-relativo-a-la-promocion-demakup-2026\/\" title=\"Continue reading CONSENTIMIENTO INFORMADO PARA EL TRATAMIENTO DE DATOS PERSONALES ESPEC\u00cdFICO RELATIVO A LA PROMOCI\u00d3N \u201cPROMOCI\u00d3N DEMAKUP\u201d\">Read more<i class=\"fa fa-angle-right\"><\/i><\/a><\/div>\n","protected":false},"author":63,"featured_media":0,"parent":144241,"menu_order":0,"comment_status":"closed","ping_status":"closed","template":"page-full-width.php","meta":{"content-type":"","footnotes":""},"yoast_head":"<!-- This site is optimized with the Yoast SEO plugin v21.9.1 - https:\/\/yoast.com\/wordpress\/plugins\/seo\/ -->\n<title>Bases Legales CONSENTIMIENTO INFORMADO PARA EL TRATAMIENTO DE DATOS PERSONALES ESPEC\u00cdFICO RELATIVO A LA PROMOCI\u00d3N \u201cPROMOCI\u00d3N DEMAKUP\u201d - Gelt Espa\u00f1a<\/title>\n<meta name=\"robots\" content=\"index, follow, max-snippet:-1, max-image-preview:large, max-video-preview:-1\" \/>\n<link rel=\"canonical\" href=\"https:\/\/gelt.com\/es\/bases-legales\/consentimiento-informado-para-el-tratamiento-de-datos-personales-especifico-relativo-a-la-promocion-demakup-2026\/\" \/>\n<meta property=\"og:locale\" content=\"es_ES\" \/>\n<meta property=\"og:type\" content=\"article\" \/>\n<meta property=\"og:title\" content=\"Bases Legales CONSENTIMIENTO INFORMADO PARA EL TRATAMIENTO DE DATOS PERSONALES ESPEC\u00cdFICO RELATIVO A LA PROMOCI\u00d3N \u201cPROMOCI\u00d3N DEMAKUP\u201d - Gelt Espa\u00f1a\" \/>\n<meta property=\"og:description\" content=\"[vc_row top=\u00bb80px\u00bb bottom=\u00bb40px\u00bb content_fadeout=\u00bbcontent-fadeout\u00bb content_placement=\u00bbmiddle\u00bb textalign=\u00bbcenter\u00bb row_seperator=\u00bbno-seperator\u00bb font_color=\u00bb#ffffff\u00bb bg_color=\u00bb#ff344c\u00bb][vc_column width=\u00bb2\/3&#8243;][vc_heading h_size=\u00bbh-extralarge\u00bb title=\u00bbCONSENTIMIENTO INFORMADO PARA EL TRATAMIENTO DE DATOS PERSONALES ESPEC\u00cdFICO RELATIVO A LA PROMOCI\u00d3N \u201cPROMOCI\u00d3N DEMAKUP\u201d\u00bb title_color=\u00bb#ffffff\u00bb subtitle_color=\u00bb#ffffff\u00bb alignment=\u00bbalign-left\u00bb][\/vc_column][vc_column width=\u00bb1\/3&#8243;][vc_single_image image=\u00bb148099&#8243; img_size=\u00bb240&#215;240&#8243;][\/vc_column][\/vc_row][vc_row][vc_column][vc_column_text]En cumplimiento de lo establecido en Reglamento (UE) 2016\/679 del Parlamento Europeo y del Consejo, de 27 de abril de 2016, relativo a la protecci\u00f3n de las personas f\u00edsicas en lo que respecta al tratamiento de datos personales y a la libre circulaci\u00f3n de... Read more\" \/>\n<meta property=\"og:url\" content=\"https:\/\/gelt.com\/es\/bases-legales\/consentimiento-informado-para-el-tratamiento-de-datos-personales-especifico-relativo-a-la-promocion-demakup-2026\/\" \/>\n<meta property=\"og:site_name\" content=\"Gelt Espa\u00f1a\" \/>\n<meta name=\"twitter:card\" content=\"summary_large_image\" \/>\n<meta name=\"twitter:label1\" content=\"Tiempo de lectura\" \/>\n\t<meta name=\"twitter:data1\" content=\"3 minutos\" \/>\n<script type=\"application\/ld+json\" class=\"yoast-schema-graph\">{\"@context\":\"https:\/\/schema.org\",\"@graph\":[{\"@type\":\"WebPage\",\"@id\":\"https:\/\/gelt.com\/es\/bases-legales\/consentimiento-informado-para-el-tratamiento-de-datos-personales-especifico-relativo-a-la-promocion-demakup-2026\/\",\"url\":\"https:\/\/gelt.com\/es\/bases-legales\/consentimiento-informado-para-el-tratamiento-de-datos-personales-especifico-relativo-a-la-promocion-demakup-2026\/\",\"name\":\"Bases Legales CONSENTIMIENTO INFORMADO PARA EL TRATAMIENTO DE DATOS PERSONALES ESPEC\u00cdFICO RELATIVO A LA PROMOCI\u00d3N \u201cPROMOCI\u00d3N DEMAKUP\u201d - Gelt Espa\u00f1a\",\"isPartOf\":{\"@id\":\"https:\/\/gelt.com\/es\/#website\"},\"datePublished\":\"2026-03-20T12:15:29+00:00\",\"dateModified\":\"2026-03-20T12:15:29+00:00\",\"breadcrumb\":{\"@id\":\"https:\/\/gelt.com\/es\/bases-legales\/consentimiento-informado-para-el-tratamiento-de-datos-personales-especifico-relativo-a-la-promocion-demakup-2026\/#breadcrumb\"},\"inLanguage\":\"es\",\"potentialAction\":[{\"@type\":\"ReadAction\",\"target\":[\"https:\/\/gelt.com\/es\/bases-legales\/consentimiento-informado-para-el-tratamiento-de-datos-personales-especifico-relativo-a-la-promocion-demakup-2026\/\"]}]},{\"@type\":\"BreadcrumbList\",\"@id\":\"https:\/\/gelt.com\/es\/bases-legales\/consentimiento-informado-para-el-tratamiento-de-datos-personales-especifico-relativo-a-la-promocion-demakup-2026\/#breadcrumb\",\"itemListElement\":[{\"@type\":\"ListItem\",\"position\":1,\"name\":\"Portada\",\"item\":\"https:\/\/gelt.com\/es\/\"},{\"@type\":\"ListItem\",\"position\":2,\"name\":\"BASES Y CONDICIONES LEGALES\",\"item\":\"https:\/\/gelt.com\/es\/bases-legales\/\"},{\"@type\":\"ListItem\",\"position\":3,\"name\":\"CONSENTIMIENTO INFORMADO PARA EL TRATAMIENTO DE DATOS PERSONALES ESPEC\u00cdFICO RELATIVO A LA PROMOCI\u00d3N \u201cPROMOCI\u00d3N DEMAKUP\u201d\"}]},{\"@type\":\"WebSite\",\"@id\":\"https:\/\/gelt.com\/es\/#website\",\"url\":\"https:\/\/gelt.com\/es\/\",\"name\":\"Gelt Espa\u00f1a\",\"description\":\"Gelt - Dinero que vuelve\",\"potentialAction\":[{\"@type\":\"SearchAction\",\"target\":{\"@type\":\"EntryPoint\",\"urlTemplate\":\"https:\/\/gelt.com\/es\/?s={search_term_string}\"},\"query-input\":\"required name=search_term_string\"}],\"inLanguage\":\"es\"}]}<\/script>\n<!-- \/ Yoast SEO plugin. -->","yoast_head_json":{"title":"Bases Legales CONSENTIMIENTO INFORMADO PARA EL TRATAMIENTO DE DATOS PERSONALES ESPEC\u00cdFICO RELATIVO A LA PROMOCI\u00d3N \u201cPROMOCI\u00d3N DEMAKUP\u201d - Gelt Espa\u00f1a","robots":{"index":"index","follow":"follow","max-snippet":"max-snippet:-1","max-image-preview":"max-image-preview:large","max-video-preview":"max-video-preview:-1"},"canonical":"https:\/\/gelt.com\/es\/bases-legales\/consentimiento-informado-para-el-tratamiento-de-datos-personales-especifico-relativo-a-la-promocion-demakup-2026\/","og_locale":"es_ES","og_type":"article","og_title":"Bases Legales CONSENTIMIENTO INFORMADO PARA EL TRATAMIENTO DE DATOS PERSONALES ESPEC\u00cdFICO RELATIVO A LA PROMOCI\u00d3N \u201cPROMOCI\u00d3N DEMAKUP\u201d - Gelt Espa\u00f1a","og_description":"[vc_row top=\u00bb80px\u00bb bottom=\u00bb40px\u00bb content_fadeout=\u00bbcontent-fadeout\u00bb content_placement=\u00bbmiddle\u00bb textalign=\u00bbcenter\u00bb row_seperator=\u00bbno-seperator\u00bb font_color=\u00bb#ffffff\u00bb bg_color=\u00bb#ff344c\u00bb][vc_column width=\u00bb2\/3&#8243;][vc_heading h_size=\u00bbh-extralarge\u00bb title=\u00bbCONSENTIMIENTO INFORMADO PARA EL TRATAMIENTO DE DATOS PERSONALES ESPEC\u00cdFICO RELATIVO A LA PROMOCI\u00d3N \u201cPROMOCI\u00d3N DEMAKUP\u201d\u00bb title_color=\u00bb#ffffff\u00bb subtitle_color=\u00bb#ffffff\u00bb alignment=\u00bbalign-left\u00bb][\/vc_column][vc_column width=\u00bb1\/3&#8243;][vc_single_image image=\u00bb148099&#8243; img_size=\u00bb240&#215;240&#8243;][\/vc_column][\/vc_row][vc_row][vc_column][vc_column_text]En cumplimiento de lo establecido en Reglamento (UE) 2016\/679 del Parlamento Europeo y del Consejo, de 27 de abril de 2016, relativo a la protecci\u00f3n de las personas f\u00edsicas en lo que respecta al tratamiento de datos personales y a la libre circulaci\u00f3n de... Read more","og_url":"https:\/\/gelt.com\/es\/bases-legales\/consentimiento-informado-para-el-tratamiento-de-datos-personales-especifico-relativo-a-la-promocion-demakup-2026\/","og_site_name":"Gelt Espa\u00f1a","twitter_card":"summary_large_image","twitter_misc":{"Tiempo de lectura":"3 minutos"},"schema":{"@context":"https:\/\/schema.org","@graph":[{"@type":"WebPage","@id":"https:\/\/gelt.com\/es\/bases-legales\/consentimiento-informado-para-el-tratamiento-de-datos-personales-especifico-relativo-a-la-promocion-demakup-2026\/","url":"https:\/\/gelt.com\/es\/bases-legales\/consentimiento-informado-para-el-tratamiento-de-datos-personales-especifico-relativo-a-la-promocion-demakup-2026\/","name":"Bases Legales CONSENTIMIENTO INFORMADO PARA EL TRATAMIENTO DE DATOS PERSONALES ESPEC\u00cdFICO RELATIVO A LA PROMOCI\u00d3N \u201cPROMOCI\u00d3N DEMAKUP\u201d - Gelt Espa\u00f1a","isPartOf":{"@id":"https:\/\/gelt.com\/es\/#website"},"datePublished":"2026-03-20T12:15:29+00:00","dateModified":"2026-03-20T12:15:29+00:00","breadcrumb":{"@id":"https:\/\/gelt.com\/es\/bases-legales\/consentimiento-informado-para-el-tratamiento-de-datos-personales-especifico-relativo-a-la-promocion-demakup-2026\/#breadcrumb"},"inLanguage":"es","potentialAction":[{"@type":"ReadAction","target":["https:\/\/gelt.com\/es\/bases-legales\/consentimiento-informado-para-el-tratamiento-de-datos-personales-especifico-relativo-a-la-promocion-demakup-2026\/"]}]},{"@type":"BreadcrumbList","@id":"https:\/\/gelt.com\/es\/bases-legales\/consentimiento-informado-para-el-tratamiento-de-datos-personales-especifico-relativo-a-la-promocion-demakup-2026\/#breadcrumb","itemListElement":[{"@type":"ListItem","position":1,"name":"Portada","item":"https:\/\/gelt.com\/es\/"},{"@type":"ListItem","position":2,"name":"BASES Y CONDICIONES LEGALES","item":"https:\/\/gelt.com\/es\/bases-legales\/"},{"@type":"ListItem","position":3,"name":"CONSENTIMIENTO INFORMADO PARA EL TRATAMIENTO DE DATOS PERSONALES ESPEC\u00cdFICO RELATIVO A LA PROMOCI\u00d3N \u201cPROMOCI\u00d3N DEMAKUP\u201d"}]},{"@type":"WebSite","@id":"https:\/\/gelt.com\/es\/#website","url":"https:\/\/gelt.com\/es\/","name":"Gelt Espa\u00f1a","description":"Gelt - Dinero que vuelve","potentialAction":[{"@type":"SearchAction","target":{"@type":"EntryPoint","urlTemplate":"https:\/\/gelt.com\/es\/?s={search_term_string}"},"query-input":"required name=search_term_string"}],"inLanguage":"es"}]}},"_links":{"self":[{"href":"https:\/\/gelt.com\/es\/wp-json\/wp\/v2\/pages\/150967"}],"collection":[{"href":"https:\/\/gelt.com\/es\/wp-json\/wp\/v2\/pages"}],"about":[{"href":"https:\/\/gelt.com\/es\/wp-json\/wp\/v2\/types\/page"}],"author":[{"embeddable":true,"href":"https:\/\/gelt.com\/es\/wp-json\/wp\/v2\/users\/63"}],"replies":[{"embeddable":true,"href":"https:\/\/gelt.com\/es\/wp-json\/wp\/v2\/comments?post=150967"}],"version-history":[{"count":1,"href":"https:\/\/gelt.com\/es\/wp-json\/wp\/v2\/pages\/150967\/revisions"}],"predecessor-version":[{"id":150968,"href":"https:\/\/gelt.com\/es\/wp-json\/wp\/v2\/pages\/150967\/revisions\/150968"}],"up":[{"embeddable":true,"href":"https:\/\/gelt.com\/es\/wp-json\/wp\/v2\/pages\/144241"}],"wp:attachment":[{"href":"https:\/\/gelt.com\/es\/wp-json\/wp\/v2\/media?parent=150967"}],"curies":[{"name":"wp","href":"https:\/\/api.w.org\/{rel}","templated":true}]}}