{"id":15450,"date":"2020-03-31T11:04:26","date_gmt":"2020-03-31T09:04:26","guid":{"rendered":"https:\/\/gelt.com\/es\/?page_id=15450"},"modified":"2022-08-03T16:26:27","modified_gmt":"2022-08-03T14:26:27","slug":"gelt-version-exclusiva","status":"publish","type":"page","link":"https:\/\/gelt.com\/es\/bases-legales\/gelt-version-exclusiva\/","title":{"rendered":"GELT Version exclusiva"},"content":{"rendered":"<p>&nbsp;<\/p>\n<p>&nbsp;<\/p>\n<p>&nbsp;<\/p>\n<p>&nbsp;<\/p>\n<p>&nbsp;<\/p>\n<p>&nbsp;<\/p>\n<p><b>INFORMACI\u00d3N RELATIVA AL TRATAMIENTO DE DATOS DE CAR\u00c1CTER PERSONAL, AVISO DE PRIVACIDAD Y CONSENTIMIENTO INFORMADO PARA LA <\/b><b>APLICACI\u00d3N\/CAMPA\u00d1A \u201cVersi\u00f3n exclusiva\u201d<\/b><\/p>\n<p><b>Responsable<\/b><span style=\"font-weight: 400;\">:\u00a0<\/span><span style=\"font-weight: 400;\">El Responsable de Tratamiento de Datos de Car\u00e1cter Personal es la entidad mercantil DINERO GELT S.L. (en adelante \u201cGELT\u201d), provista del CIF B87368692 y con domicilio social en la calle Arturo Soria, 97-A. 28027, Madrid, inscrita en el Registro Mercantil de Madrid en la Hoja M-609192, Tomo 33849 y Folio 148. Su direcci\u00f3n de e-mail es <\/span><a href=\"mailto:hola@gelt.com\"><span style=\"font-weight: 400;\">hola@gelt.com<\/span><\/a><span style=\"font-weight: 400;\">\u00a0<\/span><\/p>\n<p><span style=\"font-weight: 400;\">Tambi\u00e9n puede consultar al Delegado de Protecci\u00f3n de Datos (DPD) de GELT, que es responsable de garantizar que los derechos y libertades de los interesados no se vean afectados negativamente por las operaciones de tratamiento de datos, para obtener una opini\u00f3n sobre las operaciones de tratamiento de datos, ya sea que conciernan a usted o que usted lleva a cabo. Su e-mail: dpd@gelt.com<\/span><\/p>\n<p><b>Datos que se recaban: <\/b><span style=\"font-weight: 400;\">Nombre, apellidos, e-mail, n\u00famero de tel\u00e9fono, identificador de publicidad del dispositivo m\u00f3vil, datos sobre audiencias televisivas utilizando la tecnolog\u00eda de Reconocimiento Autom\u00e1tico de Contenidos (ACR, por sus siglas en ingl\u00e9s).\u00a0<\/span><\/p>\n<p><span style=\"font-weight: 400;\">Para este tratamiento, la aplicaci\u00f3n de GELT pedir\u00e1 acceso al micr\u00f3fono de tu dispositivo m\u00f3vil.\u00a0<\/span><\/p>\n<p><b>Finalidad del Tratamiento de Datos Personales<\/b><span style=\"font-weight: 400;\">:\u00a0<\/span><span style=\"font-weight: 400;\"> Elaborar informes sobre el comportamiento de los usuarios para mejorar la experiencia y el servicio proporcionado por GELT. Analizar el uso y repercusi\u00f3n del servicio de GELT en los usuarios para mejorarlo y ofrecer nuevos servicios. Elaborar mediciones de audiencia.<\/span><\/p>\n<p><span style=\"font-weight: 400;\">\u00a0\u00a0<\/span><span style=\"font-weight: 400;\"><br \/>\n<\/span><b>Legitimaci\u00f3n<\/b><span style=\"font-weight: 400;\">:\u00a0Consentimiento del interesado.<\/span><\/p>\n<p>&nbsp;<\/p>\n<p><b>Destinatarios:<\/b><span style=\"font-weight: 400;\">\u00a0Encargados de Tratamiento dentro de la Uni\u00f3n Europea. De esta forma, sus datos ser\u00e1n accesibles a aquellos terceros que prestan servicios a GELT en la medida en que el acceso a sus datos por parte de terceros sea necesario para el tratamiento de sus datos. Dichos terceros han sido cuidadosamente seleccionados y GELT ha suscrito con ellos los correspondientes contratos de encargado del tratamiento para garantizar que sus datos se tratan de conformidad con lo dispuesto en la normativa vigente sobre protecci\u00f3n de datos de car\u00e1cter personal.\u00a0<\/span><\/p>\n<p>&nbsp;<\/p>\n<p><span style=\"font-weight: 400;\">Dentro de este tratamiento espec\u00edfico y de acuerdo con la legislaci\u00f3n vigente y lo establecido en la presente informaci\u00f3n relativa a este tratamiento de datos de car\u00e1cter personal concreto, GELT podr\u00e1 compartir sus datos personales, siempre que usted haya previamente haya prestado el consentimiento que se recoge al final de esta informaci\u00f3n, <\/span><span style=\"font-weight: 400;\">con terceros del sector audiovisual, de la publicidad, y del an\u00e1lisis de mercado.<\/span><\/p>\n<p>&nbsp;<\/p>\n<p><b>Tiempo de conservaci\u00f3n de los Datos Personales: <\/b><span style=\"font-weight: 400;\">El tiempo de conservaci\u00f3n de los datos ser\u00e1 el estrictamente necesario para las finalidades establecidas en el presente aviso y en la Pol\u00edtica de Privacidad del Responsable. No obstante lo anterior, el Responsable someter\u00e1 a revisi\u00f3n los datos personales de los interesados no activos y bloquear\u00e1 sus datos cuando ya no sean estrictamente necesarios para dichas finalidades. Estos datos personales bloqueados ser\u00e1n bloqueados de acuerdo y cuando se cumplan los plazos establecidos por la legislaci\u00f3n vigente ser\u00e1n borrados de las bases de datos del Responsable.\u00a0\u00a0<\/span><\/p>\n<p>&nbsp;<\/p>\n<p><b>Derechos<\/b><span style=\"font-weight: 400;\">:\u00a0Acceso, Rectificaci\u00f3n, Supresi\u00f3n, Oposici\u00f3n, Portabilidad de los datos, y\/o Limitaci\u00f3n del tratamiento; as\u00ed como la Oposici\u00f3n a la elaboraci\u00f3n de perfiles, que puede ejercer ante el mismo Responsable, GELT, cuyos datos de contacto obran m\u00e1s arriba, o al Delegado de Protecci\u00f3n de Datos, cuyos datos tambi\u00e9n obran m\u00e1s arriba. Asimismo, le recordamos que tiene usted derecho a interponer reclamaciones en la Agencia Espa\u00f1ola de Protecci\u00f3n de datos (<\/span><a href=\"http:\/\/www.aepd.es\"><span style=\"font-weight: 400;\">www.aepd.es<\/span><\/a><span style=\"font-weight: 400;\">)\u00a0<\/span><\/p>\n<p>&nbsp;<\/p>\n<p><b>Contacto<\/b><span style=\"font-weight: 400;\">: Para cualquier duda, consulta o ejercicio de derechos puede contactar con el Responsable GELT o con el Delegado de Protecci\u00f3n de Datos en los datos de contacto antedichos en esta informaci\u00f3n.\u00a0<\/span><\/p>\n<p>&nbsp;<\/p>\n<p><b>Tratamiento concreto<\/b><span style=\"font-weight: 400;\">: La presente informaci\u00f3n sobre el tratamiento de sus datos personales para la <\/span><span style=\"font-weight: 400;\">acci\u00f3n\/campa\u00f1a \u201cVersi\u00f3n exclusiva\u201d<\/span><span style=\"font-weight: 400;\"> y lo aqu\u00ed establecido se aplicar\u00e1 \u00fanica y exclusivamente para la <\/span><span style=\"font-weight: 400;\">acci\u00f3n\/campa\u00f1a \u201cVersi\u00f3n exclusiva\u201d<\/span><span style=\"font-weight: 400;\"> y para ninguna otra actividad de GELT y sus datos s\u00f3lo se tratar\u00e1n para este tratamiento concreto si usted presta su consentimiento.\u00a0<\/span><\/p>\n<p>&nbsp;<\/p>\n<p><b>Revocaci\u00f3n del consentimiento<\/b><span style=\"font-weight: 400;\">: En cualquier momento, puedes revocar el consentimiento o los consentimientos concretos para este tratamiento concreto de la <\/span><span style=\"font-weight: 400;\">acci\u00f3n\/campa\u00f1a \u201cVersi\u00f3n exclusiva\u201d<\/span><span style=\"font-weight: 400;\"> enviando un correo electr\u00f3nico a <\/span><a href=\"mailto:dpd@gelt.com\"><span style=\"font-weight: 400;\">dpd@gelt.com<\/span><\/a><span style=\"font-weight: 400;\"> indicando tu correo electr\u00f3nico asociado a GELT y tu voluntad de recovar el consentimiento o los consentimientos concretos para este tratamiento de datos de car\u00e1cter personal.\u00a0\u00a0<\/span><\/p>\n<p>&nbsp;<\/p>\n<p><b>Consentimientos<\/b><span style=\"font-weight: 400;\">:\u00a0<\/span><\/p>\n<p>&nbsp;<\/p>\n<p><span style=\"font-weight: 400;\">\u00a0\u00a0\u00a0\u00a0\u00a0\u00a0Acepto que GELT tenga acceso al micr\u00f3fono de mi tel\u00e9fono para utilizar la tecnolog\u00eda de Reconocimiento Autom\u00e1tico de Contenidos (ACR, en sus siglas en ingl\u00e9s).\u00a0<\/span><\/p>\n<p>&nbsp;<\/p>\n<p><span style=\"font-weight: 400;\">\u00a0\u00a0\u00a0\u00a0\u00a0\u00a0Acepto que GELT comparta datos personales obtenidos de este tratamiento espec\u00edfico para la acci\u00f3n\/campa\u00f1a \u201cX\u201d con terceros del sector audiovisual, de la publicidad, y del an\u00e1lisis de mercado.\u00a0<\/span><\/p>\n<p>&nbsp;<\/p>\n<p><span style=\"font-weight: 400;\">\u00a0\u00a0\u00a0\u00a0\u00a0\u00a0\u00a0\u00a0Mediante la aceptaci\u00f3n del presente documento, confirmo que he le\u00eddo y entendido la informaci\u00f3n relativa al tratamiento de sus datos personales por parte del Responsable <\/span><span style=\"font-weight: 400;\">para la acci\u00f3n\/campa\u00f1a \u201cVersi\u00f3n exclusiva\u201d<\/span><span style=\"font-weight: 400;\"> y que presto mi consentimiento activo, informado y expl\u00edcito para que el Responsable pueda llevar a cabo dicho tratamiento.\u00a0<\/span><\/p>\n","protected":false},"excerpt":{"rendered":"<p>&nbsp; &nbsp; &nbsp; &nbsp; &nbsp; &nbsp; INFORMACI\u00d3N RELATIVA AL TRATAMIENTO DE DATOS DE CAR\u00c1CTER PERSONAL, AVISO DE PRIVACIDAD Y CONSENTIMIENTO INFORMADO PARA LA APLICACI\u00d3N\/CAMPA\u00d1A \u201cVersi\u00f3n exclusiva\u201d Responsable:\u00a0El Responsable de Tratamiento de Datos de Car\u00e1cter Personal es la entidad mercantil DINERO GELT S.L. (en adelante \u201cGELT\u201d), provista del CIF B87368692 y con domicilio social en la calle Arturo Soria, 97-A. 28027, Madrid, inscrita en el Registro Mercantil de Madrid en la Hoja M-609192, Tomo 33849 y&#8230;  <\/p>\n<div class=\"read-more\"><a class=\"excerpt-read-more\" href=\"https:\/\/gelt.com\/es\/bases-legales\/gelt-version-exclusiva\/\" title=\"Continue reading GELT Version exclusiva\">Read more<i class=\"fa fa-angle-right\"><\/i><\/a><\/div>\n","protected":false},"author":23,"featured_media":0,"parent":144241,"menu_order":0,"comment_status":"closed","ping_status":"closed","template":"","meta":{"content-type":"","footnotes":""},"yoast_head":"<!-- This site is optimized with the Yoast SEO plugin v21.9.1 - https:\/\/yoast.com\/wordpress\/plugins\/seo\/ -->\n<title>GELT Version exclusiva - Gelt Espa\u00f1a<\/title>\n<meta name=\"robots\" content=\"index, follow, max-snippet:-1, max-image-preview:large, max-video-preview:-1\" \/>\n<link rel=\"canonical\" href=\"https:\/\/gelt.com\/es\/bases-legales\/gelt-version-exclusiva\/\" \/>\n<meta property=\"og:locale\" content=\"es_ES\" \/>\n<meta property=\"og:type\" content=\"article\" \/>\n<meta property=\"og:title\" content=\"GELT Version exclusiva - Gelt Espa\u00f1a\" \/>\n<meta property=\"og:description\" content=\"&nbsp; &nbsp; &nbsp; &nbsp; &nbsp; &nbsp; INFORMACI\u00d3N RELATIVA AL TRATAMIENTO DE DATOS DE CAR\u00c1CTER PERSONAL, AVISO DE PRIVACIDAD Y CONSENTIMIENTO INFORMADO PARA LA APLICACI\u00d3N\/CAMPA\u00d1A \u201cVersi\u00f3n exclusiva\u201d Responsable:\u00a0El Responsable de Tratamiento de Datos de Car\u00e1cter Personal es la entidad mercantil DINERO GELT S.L. (en adelante \u201cGELT\u201d), provista del CIF B87368692 y con domicilio social en la calle Arturo Soria, 97-A. 28027, Madrid, inscrita en el Registro Mercantil de Madrid en la Hoja M-609192, Tomo 33849 y... Read more\" \/>\n<meta property=\"og:url\" content=\"https:\/\/gelt.com\/es\/bases-legales\/gelt-version-exclusiva\/\" \/>\n<meta property=\"og:site_name\" content=\"Gelt Espa\u00f1a\" \/>\n<meta property=\"article:modified_time\" content=\"2022-08-03T14:26:27+00:00\" \/>\n<meta name=\"twitter:card\" content=\"summary_large_image\" \/>\n<meta name=\"twitter:label1\" content=\"Tiempo de lectura\" \/>\n\t<meta name=\"twitter:data1\" content=\"5 minutos\" \/>\n<script type=\"application\/ld+json\" class=\"yoast-schema-graph\">{\"@context\":\"https:\/\/schema.org\",\"@graph\":[{\"@type\":\"WebPage\",\"@id\":\"https:\/\/gelt.com\/es\/bases-legales\/gelt-version-exclusiva\/\",\"url\":\"https:\/\/gelt.com\/es\/bases-legales\/gelt-version-exclusiva\/\",\"name\":\"GELT Version exclusiva - Gelt Espa\u00f1a\",\"isPartOf\":{\"@id\":\"https:\/\/gelt.com\/es\/#website\"},\"datePublished\":\"2020-03-31T09:04:26+00:00\",\"dateModified\":\"2022-08-03T14:26:27+00:00\",\"breadcrumb\":{\"@id\":\"https:\/\/gelt.com\/es\/bases-legales\/gelt-version-exclusiva\/#breadcrumb\"},\"inLanguage\":\"es\",\"potentialAction\":[{\"@type\":\"ReadAction\",\"target\":[\"https:\/\/gelt.com\/es\/bases-legales\/gelt-version-exclusiva\/\"]}]},{\"@type\":\"BreadcrumbList\",\"@id\":\"https:\/\/gelt.com\/es\/bases-legales\/gelt-version-exclusiva\/#breadcrumb\",\"itemListElement\":[{\"@type\":\"ListItem\",\"position\":1,\"name\":\"Portada\",\"item\":\"https:\/\/gelt.com\/es\/\"},{\"@type\":\"ListItem\",\"position\":2,\"name\":\"BASES Y CONDICIONES LEGALES\",\"item\":\"https:\/\/gelt.com\/es\/bases-legales\/\"},{\"@type\":\"ListItem\",\"position\":3,\"name\":\"GELT Version exclusiva\"}]},{\"@type\":\"WebSite\",\"@id\":\"https:\/\/gelt.com\/es\/#website\",\"url\":\"https:\/\/gelt.com\/es\/\",\"name\":\"Gelt Espa\u00f1a\",\"description\":\"Gelt - Dinero que vuelve\",\"potentialAction\":[{\"@type\":\"SearchAction\",\"target\":{\"@type\":\"EntryPoint\",\"urlTemplate\":\"https:\/\/gelt.com\/es\/?s={search_term_string}\"},\"query-input\":\"required name=search_term_string\"}],\"inLanguage\":\"es\"}]}<\/script>\n<!-- \/ Yoast SEO plugin. -->","yoast_head_json":{"title":"GELT Version exclusiva - Gelt Espa\u00f1a","robots":{"index":"index","follow":"follow","max-snippet":"max-snippet:-1","max-image-preview":"max-image-preview:large","max-video-preview":"max-video-preview:-1"},"canonical":"https:\/\/gelt.com\/es\/bases-legales\/gelt-version-exclusiva\/","og_locale":"es_ES","og_type":"article","og_title":"GELT Version exclusiva - Gelt Espa\u00f1a","og_description":"&nbsp; &nbsp; &nbsp; &nbsp; &nbsp; &nbsp; INFORMACI\u00d3N RELATIVA AL TRATAMIENTO DE DATOS DE CAR\u00c1CTER PERSONAL, AVISO DE PRIVACIDAD Y CONSENTIMIENTO INFORMADO PARA LA APLICACI\u00d3N\/CAMPA\u00d1A \u201cVersi\u00f3n exclusiva\u201d Responsable:\u00a0El Responsable de Tratamiento de Datos de Car\u00e1cter Personal es la entidad mercantil DINERO GELT S.L. (en adelante \u201cGELT\u201d), provista del CIF B87368692 y con domicilio social en la calle Arturo Soria, 97-A. 28027, Madrid, inscrita en el Registro Mercantil de Madrid en la Hoja M-609192, Tomo 33849 y... Read more","og_url":"https:\/\/gelt.com\/es\/bases-legales\/gelt-version-exclusiva\/","og_site_name":"Gelt Espa\u00f1a","article_modified_time":"2022-08-03T14:26:27+00:00","twitter_card":"summary_large_image","twitter_misc":{"Tiempo de lectura":"5 minutos"},"schema":{"@context":"https:\/\/schema.org","@graph":[{"@type":"WebPage","@id":"https:\/\/gelt.com\/es\/bases-legales\/gelt-version-exclusiva\/","url":"https:\/\/gelt.com\/es\/bases-legales\/gelt-version-exclusiva\/","name":"GELT Version exclusiva - Gelt Espa\u00f1a","isPartOf":{"@id":"https:\/\/gelt.com\/es\/#website"},"datePublished":"2020-03-31T09:04:26+00:00","dateModified":"2022-08-03T14:26:27+00:00","breadcrumb":{"@id":"https:\/\/gelt.com\/es\/bases-legales\/gelt-version-exclusiva\/#breadcrumb"},"inLanguage":"es","potentialAction":[{"@type":"ReadAction","target":["https:\/\/gelt.com\/es\/bases-legales\/gelt-version-exclusiva\/"]}]},{"@type":"BreadcrumbList","@id":"https:\/\/gelt.com\/es\/bases-legales\/gelt-version-exclusiva\/#breadcrumb","itemListElement":[{"@type":"ListItem","position":1,"name":"Portada","item":"https:\/\/gelt.com\/es\/"},{"@type":"ListItem","position":2,"name":"BASES Y CONDICIONES LEGALES","item":"https:\/\/gelt.com\/es\/bases-legales\/"},{"@type":"ListItem","position":3,"name":"GELT Version exclusiva"}]},{"@type":"WebSite","@id":"https:\/\/gelt.com\/es\/#website","url":"https:\/\/gelt.com\/es\/","name":"Gelt Espa\u00f1a","description":"Gelt - Dinero que vuelve","potentialAction":[{"@type":"SearchAction","target":{"@type":"EntryPoint","urlTemplate":"https:\/\/gelt.com\/es\/?s={search_term_string}"},"query-input":"required name=search_term_string"}],"inLanguage":"es"}]}},"_links":{"self":[{"href":"https:\/\/gelt.com\/es\/wp-json\/wp\/v2\/pages\/15450"}],"collection":[{"href":"https:\/\/gelt.com\/es\/wp-json\/wp\/v2\/pages"}],"about":[{"href":"https:\/\/gelt.com\/es\/wp-json\/wp\/v2\/types\/page"}],"author":[{"embeddable":true,"href":"https:\/\/gelt.com\/es\/wp-json\/wp\/v2\/users\/23"}],"replies":[{"embeddable":true,"href":"https:\/\/gelt.com\/es\/wp-json\/wp\/v2\/comments?post=15450"}],"version-history":[{"count":6,"href":"https:\/\/gelt.com\/es\/wp-json\/wp\/v2\/pages\/15450\/revisions"}],"predecessor-version":[{"id":144724,"href":"https:\/\/gelt.com\/es\/wp-json\/wp\/v2\/pages\/15450\/revisions\/144724"}],"up":[{"embeddable":true,"href":"https:\/\/gelt.com\/es\/wp-json\/wp\/v2\/pages\/144241"}],"wp:attachment":[{"href":"https:\/\/gelt.com\/es\/wp-json\/wp\/v2\/media?parent=15450"}],"curies":[{"name":"wp","href":"https:\/\/api.w.org\/{rel}","templated":true}]}}